{"id":525,"date":"2021-05-25T13:15:00","date_gmt":"2021-05-25T11:15:00","guid":{"rendered":"http:\/\/www.fischwaid-muenchen.de\/?page_id=525"},"modified":"2023-02-14T14:23:26","modified_gmt":"2023-02-14T12:23:26","slug":"beitraege","status":"publish","type":"page","link":"https:\/\/www.fischwaid-muenchen.de\/?page_id=525","title":{"rendered":"Beitr\u00e4ge"},"content":{"rendered":"<div id=\"pl-525\"  class=\"panel-layout\" ><div id=\"pg-525-0\"  class=\"panel-grid panel-no-style\" ><div id=\"pgc-525-0-0\"  class=\"panel-grid-cell\" >\n\t\t<div id=\"panel-525-0-0-0\" class=\"so-panel widget widget_recent-posts widget_recent_entries panel-first-child panel-last-child\" data-index=\"0\" ><div class=\"panel-widget-style panel-widget-style-for-525-0-0-0\" >\n\t\t<h3 class=\"widget-title\">Alle Beitr\u00e4ge<\/h3>\n\t\t<ul>\n\t\t\t\t\t\t\t\t\t\t\t<li>\n\t\t\t\t\t<a href=\"https:\/\/www.fischwaid-muenchen.de\/?p=5015\">E-Fischen am Nasenbach &#8211; 28.03.2026<\/a>\n\t\t\t\t\t\t\t\t\t\t\t<span class=\"post-date\">28.03.2026<\/span>\n\t\t\t\t\t\t\t\t\t<\/li>\n\t\t\t\t\t\t\t\t\t\t\t<li>\n\t\t\t\t\t<a href=\"https:\/\/www.fischwaid-muenchen.de\/?p=5005\">Arbeitsdienst Waldsee &#8211; 07.03.2026<\/a>\n\t\t\t\t\t\t\t\t\t\t\t<span class=\"post-date\">15.03.2026<\/span>\n\t\t\t\t\t\t\t\t\t<\/li>\n\t\t\t\t\t\t\t\t\t\t\t<li>\n\t\t\t\t\t<a href=\"https:\/\/www.fischwaid-muenchen.de\/?p=5001\">Arbeitsdienst Goldach II &#8211; 21.02.2026<\/a>\n\t\t\t\t\t\t\t\t\t\t\t<span class=\"post-date\">15.03.2026<\/span>\n\t\t\t\t\t\t\t\t\t<\/li>\n\t\t\t\t\t\t\t\t\t\t\t<li>\n\t\t\t\t\t<a href=\"https:\/\/www.fischwaid-muenchen.de\/?p=4957\">Arbeitsdienst Waldsee &#8211; 24.01.2026<\/a>\n\t\t\t\t\t\t\t\t\t\t\t<span class=\"post-date\">25.01.2026<\/span>\n\t\t\t\t\t\t\t\t\t<\/li>\n\t\t\t\t\t\t\t\t\t\t\t<li>\n\t\t\t\t\t<a href=\"https:\/\/www.fischwaid-muenchen.de\/?p=4955\">Arbeitsdienst Nasenbach &#8211; 24.01.2026<\/a>\n\t\t\t\t\t\t\t\t\t\t\t<span class=\"post-date\">25.01.2026<\/span>\n\t\t\t\t\t\t\t\t\t<\/li>\n\t\t\t\t\t\t\t\t\t\t\t<li>\n\t\t\t\t\t<a href=\"https:\/\/www.fischwaid-muenchen.de\/?p=4925\">Gew\u00e4sserpflege an der Ilm &#8211; 29.12.2025<\/a>\n\t\t\t\t\t\t\t\t\t\t\t<span class=\"post-date\">29.12.2025<\/span>\n\t\t\t\t\t\t\t\t\t<\/li>\n\t\t\t\t\t\t\t\t\t\t\t<li>\n\t\t\t\t\t<a href=\"https:\/\/www.fischwaid-muenchen.de\/?p=4916\">Arbeitsdienst in Scheyern  &#8211; 13.12.2025<\/a>\n\t\t\t\t\t\t\t\t\t\t\t<span class=\"post-date\">15.12.2025<\/span>\n\t\t\t\t\t\t\t\t\t<\/li>\n\t\t\t\t\t\t\t\t\t\t\t<li>\n\t\t\t\t\t<a href=\"https:\/\/www.fischwaid-muenchen.de\/?p=4905\">E-Fischen Hachingerbach  &#8211; 22.11.2025<\/a>\n\t\t\t\t\t\t\t\t\t\t\t<span class=\"post-date\">24.11.2025<\/span>\n\t\t\t\t\t\t\t\t\t<\/li>\n\t\t\t\t\t\t\t\t\t\t\t<li>\n\t\t\t\t\t<a href=\"https:\/\/www.fischwaid-muenchen.de\/?p=4903\">E-Fischen BMW Sickergraben  &#8211; 18.10.2025<\/a>\n\t\t\t\t\t\t\t\t\t\t\t<span class=\"post-date\">24.11.2025<\/span>\n\t\t\t\t\t\t\t\t\t<\/li>\n\t\t\t\t\t\t\t\t\t\t\t<li>\n\t\t\t\t\t<a href=\"https:\/\/www.fischwaid-muenchen.de\/?p=4890\">Arbeitsdienst am Wieling &#8211; 18.10.2025<\/a>\n\t\t\t\t\t\t\t\t\t\t\t<span class=\"post-date\">12.11.2025<\/span>\n\t\t\t\t\t\t\t\t\t<\/li>\n\t\t\t\t\t\t\t\t\t\t\t<li>\n\t\t\t\t\t<a href=\"https:\/\/www.fischwaid-muenchen.de\/?p=4869\">Arbeitsdienst am Nasenbach &#8211; 04.10.2025<\/a>\n\t\t\t\t\t\t\t\t\t\t\t<span class=\"post-date\">4.10.2025<\/span>\n\t\t\t\t\t\t\t\t\t<\/li>\n\t\t\t\t\t\t\t\t\t\t\t<li>\n\t\t\t\t\t<a href=\"https:\/\/www.fischwaid-muenchen.de\/?p=4859\">Arbeitsdienst am Hollerner See \u2013 Catch and Clean Day 2025<\/a>\n\t\t\t\t\t\t\t\t\t\t\t<span class=\"post-date\">28.09.2025<\/span>\n\t\t\t\t\t\t\t\t\t<\/li>\n\t\t\t\t\t\t\t\t\t\t\t<li>\n\t\t\t\t\t<a href=\"https:\/\/www.fischwaid-muenchen.de\/?p=4816\">Arbeitsdienst zur Dokumentation des Krebsbestandes am Hollerner See<\/a>\n\t\t\t\t\t\t\t\t\t\t\t<span class=\"post-date\">27.07.2025<\/span>\n\t\t\t\t\t\t\t\t\t<\/li>\n\t\t\t\t\t\t\t\t\t\t\t<li>\n\t\t\t\t\t<a href=\"https:\/\/www.fischwaid-muenchen.de\/?p=4795\">K\u00f6nigsfischen 20.07.2025<\/a>\n\t\t\t\t\t\t\t\t\t\t\t<span class=\"post-date\">21.07.2025<\/span>\n\t\t\t\t\t\t\t\t\t<\/li>\n\t\t\t\t\t\t\t\t\t\t\t<li>\n\t\t\t\t\t<a href=\"https:\/\/www.fischwaid-muenchen.de\/?p=4778\">Fr\u00fchjahrs-Ramadama am Speichersee \u2013 mit tierischer Rettungsaktion 26.04.2025<\/a>\n\t\t\t\t\t\t\t\t\t\t\t<span class=\"post-date\">24.05.2025<\/span>\n\t\t\t\t\t\t\t\t\t<\/li>\n\t\t\t\t\t\t\t\t\t\t\t<li>\n\t\t\t\t\t<a href=\"https:\/\/www.fischwaid-muenchen.de\/?p=4772\">Erfolgreicher Arbeitseinsatz an der Goldach II 23.05.2025<\/a>\n\t\t\t\t\t\t\t\t\t\t\t<span class=\"post-date\">24.05.2025<\/span>\n\t\t\t\t\t\t\t\t\t<\/li>\n\t\t\t\t\t\t\t\t\t\t\t<li>\n\t\t\t\t\t<a href=\"https:\/\/www.fischwaid-muenchen.de\/?p=4739\">Fr\u00fchjahrs-Arbeitsdienst in Scheyern am 12.04.2025 \u2013 Mehr Platz, mehr \u00dcbersicht, mehr Zug\u00e4nglichkeit<\/a>\n\t\t\t\t\t\t\t\t\t\t\t<span class=\"post-date\">13.04.2025<\/span>\n\t\t\t\t\t\t\t\t\t<\/li>\n\t\t\t\t\t\t\t\t\t\t\t<li>\n\t\t\t\t\t<a href=\"https:\/\/www.fischwaid-muenchen.de\/?p=4735\">Ramadama am Hollerner See \u2013 Fr\u00fchjahrsputz bei Kaiserwetter am 12.04.2025<\/a>\n\t\t\t\t\t\t\t\t\t\t\t<span class=\"post-date\">13.04.2025<\/span>\n\t\t\t\t\t\t\t\t\t<\/li>\n\t\t\t\t\t\t\t\t\t\t\t<li>\n\t\t\t\t\t<a href=\"https:\/\/www.fischwaid-muenchen.de\/?p=4732\">Nachbereitung in Wieling \u2013 H\u00e4ckselaktion am 06.04.2025<\/a>\n\t\t\t\t\t\t\t\t\t\t\t<span class=\"post-date\">7.04.2025<\/span>\n\t\t\t\t\t\t\t\t\t<\/li>\n\t\t\t\t\t\t\t\t\t\t\t<li>\n\t\t\t\t\t<a href=\"https:\/\/www.fischwaid-muenchen.de\/?p=4724\">Gro\u00dfer Fr\u00fchjahrsputz am Hachinger Bach \u2013 Arbeitsdienst am 29.03.2025<\/a>\n\t\t\t\t\t\t\t\t\t\t\t<span class=\"post-date\">30.03.2025<\/span>\n\t\t\t\t\t\t\t\t\t<\/li>\n\t\t\t\t\t\t\t\t\t\t\t<li>\n\t\t\t\t\t<a href=\"https:\/\/www.fischwaid-muenchen.de\/?p=4714\">Doppelarbeitsdienst am Waldsee und in Scheyern 15.03.2025<\/a>\n\t\t\t\t\t\t\t\t\t\t\t<span class=\"post-date\">23.03.2025<\/span>\n\t\t\t\t\t\t\t\t\t<\/li>\n\t\t\t\t\t\t\t\t\t\t\t<li>\n\t\t\t\t\t<a href=\"https:\/\/www.fischwaid-muenchen.de\/?p=4679\">Arbeitsdienst an der Vils \u2013 Pflegeeinsatz f\u00fcr ein sauberes Gew\u00e4sser 22.02.2025<\/a>\n\t\t\t\t\t\t\t\t\t\t\t<span class=\"post-date\">23.02.2025<\/span>\n\t\t\t\t\t\t\t\t\t<\/li>\n\t\t\t\t\t\t\t\t\t\t\t<li>\n\t\t\t\t\t<a href=\"https:\/\/www.fischwaid-muenchen.de\/?p=4674\">Gro\u00dfer Arbeitsdienst an den Klosterweihern in Scheyern 22.02.2025<\/a>\n\t\t\t\t\t\t\t\t\t\t\t<span class=\"post-date\">23.02.2025<\/span>\n\t\t\t\t\t\t\t\t\t<\/li>\n\t\t\t\t\t\t\t\t\t\t\t<li>\n\t\t\t\t\t<a href=\"https:\/\/www.fischwaid-muenchen.de\/?p=4657\">Arbeitsdienst Waldsee 08.02.2025<\/a>\n\t\t\t\t\t\t\t\t\t\t\t<span class=\"post-date\">9.02.2025<\/span>\n\t\t\t\t\t\t\t\t\t<\/li>\n\t\t\t\t\t\t\t\t\t\t\t<li>\n\t\t\t\t\t<a href=\"https:\/\/www.fischwaid-muenchen.de\/?p=4645\">Arbeitsdienst Nasenbach 01.02.2025<\/a>\n\t\t\t\t\t\t\t\t\t\t\t<span class=\"post-date\">1.02.2025<\/span>\n\t\t\t\t\t\t\t\t\t<\/li>\n\t\t\t\t\t\t\t\t\t\t\t<li>\n\t\t\t\t\t<a href=\"https:\/\/www.fischwaid-muenchen.de\/?p=4631\">Fragebogenauswertung 2024<\/a>\n\t\t\t\t\t\t\t\t\t\t\t<span class=\"post-date\">27.01.2025<\/span>\n\t\t\t\t\t\t\t\t\t<\/li>\n\t\t\t\t\t\t\t\t\t\t\t<li>\n\t\t\t\t\t<a href=\"https:\/\/www.fischwaid-muenchen.de\/?p=4568\">AHP Herbst 2024<\/a>\n\t\t\t\t\t\t\t\t\t\t\t<span class=\"post-date\">31.12.2024<\/span>\n\t\t\t\t\t\t\t\t\t<\/li>\n\t\t\t\t\t\t\t\t\t\t\t<li>\n\t\t\t\t\t<a href=\"https:\/\/www.fischwaid-muenchen.de\/?p=4541\">Ramadama Speichersee am 06.09.2024<\/a>\n\t\t\t\t\t\t\t\t\t\t\t<span class=\"post-date\">20.12.2024<\/span>\n\t\t\t\t\t\t\t\t\t<\/li>\n\t\t\t\t\t\t\t\t\t\t\t<li>\n\t\t\t\t\t<a href=\"https:\/\/www.fischwaid-muenchen.de\/?p=4563\">Ramadama Hollener See 2024<\/a>\n\t\t\t\t\t\t\t\t\t\t\t<span class=\"post-date\">13.12.2024<\/span>\n\t\t\t\t\t\t\t\t\t<\/li>\n\t\t\t\t\t\t\t\t\t\t\t<li>\n\t\t\t\t\t<a href=\"https:\/\/www.fischwaid-muenchen.de\/?p=4557\">Aufr\u00e4umaktion am Feringaseelager<\/a>\n\t\t\t\t\t\t\t\t\t\t\t<span class=\"post-date\">11.12.2024<\/span>\n\t\t\t\t\t\t\t\t\t<\/li>\n\t\t\t\t\t\t\t\t\t\t\t<li>\n\t\t\t\t\t<a href=\"https:\/\/www.fischwaid-muenchen.de\/?p=4551\">Baggern, S\u00e4gen und Schneiden in Scheyern 12.10.2024<\/a>\n\t\t\t\t\t\t\t\t\t\t\t<span class=\"post-date\">29.11.2024<\/span>\n\t\t\t\t\t\t\t\t\t<\/li>\n\t\t\t\t\t\t\t\t\t\t\t<li>\n\t\t\t\t\t<a href=\"https:\/\/www.fischwaid-muenchen.de\/?p=4547\">E Fischen am Hachingerbach 23.11.2024<\/a>\n\t\t\t\t\t\t\t\t\t\t\t<span class=\"post-date\">24.11.2024<\/span>\n\t\t\t\t\t\t\t\t\t<\/li>\n\t\t\t\t\t\t\t\t\t\t\t<li>\n\t\t\t\t\t<a href=\"https:\/\/www.fischwaid-muenchen.de\/?p=4534\">Ger\u00e4tewarte im Einsatz<\/a>\n\t\t\t\t\t\t\t\t\t\t\t<span class=\"post-date\">24.11.2024<\/span>\n\t\t\t\t\t\t\t\t\t<\/li>\n\t\t\t\t\t\t\t\t\t\t\t<li>\n\t\t\t\t\t<a href=\"https:\/\/www.fischwaid-muenchen.de\/?p=4522\">H\u00fchnerstall Arbeitsdienst (Scheyern)<\/a>\n\t\t\t\t\t\t\t\t\t\t\t<span class=\"post-date\">11.11.2024<\/span>\n\t\t\t\t\t\t\t\t\t<\/li>\n\t\t\t\t\t\t\t\t\t\t\t<li>\n\t\t\t\t\t<a href=\"https:\/\/www.fischwaid-muenchen.de\/?p=4509\">Fischtransportanh\u00e4nger in Eigenleistung<\/a>\n\t\t\t\t\t\t\t\t\t\t\t<span class=\"post-date\">7.11.2024<\/span>\n\t\t\t\t\t\t\t\t\t<\/li>\n\t\t\t\t\t\t\t\t\t\t\t<li>\n\t\t\t\t\t<a href=\"https:\/\/www.fischwaid-muenchen.de\/?p=4444\">Arbeitsdienst Waldsee am 20.07.2024<\/a>\n\t\t\t\t\t\t\t\t\t\t\t<span class=\"post-date\">30.07.2024<\/span>\n\t\t\t\t\t\t\t\t\t<\/li>\n\t\t\t\t\t\t\t\t\t\t\t<li>\n\t\t\t\t\t<a href=\"https:\/\/www.fischwaid-muenchen.de\/?p=4392\">K\u00f6nigsfischen 2024<\/a>\n\t\t\t\t\t\t\t\t\t\t\t<span class=\"post-date\">10.07.2024<\/span>\n\t\t\t\t\t\t\t\t\t<\/li>\n\t\t\t\t\t\t\t\t\t\t\t<li>\n\t\t\t\t\t<a href=\"https:\/\/www.fischwaid-muenchen.de\/?p=4322\">Arbeitsdienst in Scheyern am 15.06.2024<\/a>\n\t\t\t\t\t\t\t\t\t\t\t<span class=\"post-date\">21.06.2024<\/span>\n\t\t\t\t\t\t\t\t\t<\/li>\n\t\t\t\t\t\t\t\t\t\t\t<li>\n\t\t\t\t\t<a href=\"https:\/\/www.fischwaid-muenchen.de\/?p=4309\">Arbeitsdienst an der Goldach II am 29.05.2024<\/a>\n\t\t\t\t\t\t\t\t\t\t\t<span class=\"post-date\">19.06.2024<\/span>\n\t\t\t\t\t\t\t\t\t<\/li>\n\t\t\t\t\t\t\t\t\t\t\t<li>\n\t\t\t\t\t<a href=\"https:\/\/www.fischwaid-muenchen.de\/?p=4283\">Arbeitsdienst in Scheyern am 18.05.2024<\/a>\n\t\t\t\t\t\t\t\t\t\t\t<span class=\"post-date\">27.05.2024<\/span>\n\t\t\t\t\t\t\t\t\t<\/li>\n\t\t\t\t\t\t\t\t\t\t\t<li>\n\t\t\t\t\t<a href=\"https:\/\/www.fischwaid-muenchen.de\/?p=4278\">Arbeitsdienst an der Vils am 11.05.2024<\/a>\n\t\t\t\t\t\t\t\t\t\t\t<span class=\"post-date\">23.05.2024<\/span>\n\t\t\t\t\t\t\t\t\t<\/li>\n\t\t\t\t\t\t\t\t\t\t\t<li>\n\t\t\t\t\t<a href=\"https:\/\/www.fischwaid-muenchen.de\/?p=4260\">Renkenbrut am Hollerner See 2024<\/a>\n\t\t\t\t\t\t\t\t\t\t\t<span class=\"post-date\">17.05.2024<\/span>\n\t\t\t\t\t\t\t\t\t<\/li>\n\t\t\t\t\t\t\t\t\t\t\t<li>\n\t\t\t\t\t<a href=\"https:\/\/www.fischwaid-muenchen.de\/?p=4219\">Mitgliederversammlung 2024<\/a>\n\t\t\t\t\t\t\t\t\t\t\t<span class=\"post-date\">15.05.2024<\/span>\n\t\t\t\t\t\t\t\t\t<\/li>\n\t\t\t\t\t\t\t\t\t\t\t<li>\n\t\t\t\t\t<a href=\"https:\/\/www.fischwaid-muenchen.de\/?p=4212\">Fr\u00fchjahresbesatz am Waldsee und in Scheyern<\/a>\n\t\t\t\t\t\t\t\t\t\t\t<span class=\"post-date\">3.05.2024<\/span>\n\t\t\t\t\t\t\t\t\t<\/li>\n\t\t\t\t\t\t\t\t\t\t\t<li>\n\t\t\t\t\t<a href=\"https:\/\/www.fischwaid-muenchen.de\/?p=4189\">Fr\u00fchjahresbesatz am Nasenbach, an der Ilm und an der Vils<\/a>\n\t\t\t\t\t\t\t\t\t\t\t<span class=\"post-date\">29.04.2024<\/span>\n\t\t\t\t\t\t\t\t\t<\/li>\n\t\t\t\t\t\t\t\t\t\t\t<li>\n\t\t\t\t\t<a href=\"https:\/\/www.fischwaid-muenchen.de\/?p=4170\">Fr\u00fchjahresbesatz am Feringasee und am Hollerner See<\/a>\n\t\t\t\t\t\t\t\t\t\t\t<span class=\"post-date\">23.04.2024<\/span>\n\t\t\t\t\t\t\t\t\t<\/li>\n\t\t\t\t\t\t\t\t\t\t\t<li>\n\t\t\t\t\t<a href=\"https:\/\/www.fischwaid-muenchen.de\/?p=4134\">Biotopverbesserungen am Waldsee<\/a>\n\t\t\t\t\t\t\t\t\t\t\t<span class=\"post-date\">19.04.2024<\/span>\n\t\t\t\t\t\t\t\t\t<\/li>\n\t\t\t\t\t\t\t\t\t\t\t<li>\n\t\t\t\t\t<a href=\"https:\/\/www.fischwaid-muenchen.de\/?p=4129\">Besatz gef\u00e4hrdeterer Fischarten an der Ilm und am Nasenbach<\/a>\n\t\t\t\t\t\t\t\t\t\t\t<span class=\"post-date\">18.04.2024<\/span>\n\t\t\t\t\t\t\t\t\t<\/li>\n\t\t\t\t\t\t\t\t\t\t\t<li>\n\t\t\t\t\t<a href=\"https:\/\/www.fischwaid-muenchen.de\/?p=4099\">Sanierung des Ablaufm\u00f6nch am oberen Flachweiher in Scheyern<\/a>\n\t\t\t\t\t\t\t\t\t\t\t<span class=\"post-date\">16.04.2024<\/span>\n\t\t\t\t\t\t\t\t\t<\/li>\n\t\t\t\t\t\t\t\t\t\t\t<li>\n\t\t\t\t\t<a href=\"https:\/\/www.fischwaid-muenchen.de\/?p=4094\">Ramadama am Hollerner See am 09.04.2024<\/a>\n\t\t\t\t\t\t\t\t\t\t\t<span class=\"post-date\">13.04.2024<\/span>\n\t\t\t\t\t\t\t\t\t<\/li>\n\t\t\t\t\t\t\t\t\t\t\t<li>\n\t\t\t\t\t<a href=\"https:\/\/www.fischwaid-muenchen.de\/?p=4071\">Arbeitsdienst in Wieling am 09.03.2024<\/a>\n\t\t\t\t\t\t\t\t\t\t\t<span class=\"post-date\">26.03.2024<\/span>\n\t\t\t\t\t\t\t\t\t<\/li>\n\t\t\t\t\t\t\t\t\t\t\t<li>\n\t\t\t\t\t<a href=\"https:\/\/www.fischwaid-muenchen.de\/?p=4049\">Arbeitsdienst Nasenbach am 02.03.2024<\/a>\n\t\t\t\t\t\t\t\t\t\t\t<span class=\"post-date\">14.03.2024<\/span>\n\t\t\t\t\t\t\t\t\t<\/li>\n\t\t\t\t\t\t\t\t\t\t\t<li>\n\t\t\t\t\t<a href=\"https:\/\/www.fischwaid-muenchen.de\/?p=3991\">Arbeitsdienst in Scheyern am 24.02.2024<\/a>\n\t\t\t\t\t\t\t\t\t\t\t<span class=\"post-date\">6.03.2024<\/span>\n\t\t\t\t\t\t\t\t\t<\/li>\n\t\t\t\t\t\t\t\t\t\t\t<li>\n\t\t\t\t\t<a href=\"https:\/\/www.fischwaid-muenchen.de\/?p=4003\">Projekt Waldsee: Es gibt Neuigkeiten!<\/a>\n\t\t\t\t\t\t\t\t\t\t\t<span class=\"post-date\">4.03.2024<\/span>\n\t\t\t\t\t\t\t\t\t<\/li>\n\t\t\t\t\t\t\t\t\t\t\t<li>\n\t\t\t\t\t<a href=\"https:\/\/www.fischwaid-muenchen.de\/?p=3849\">Arbeitsdienst an der Vils am 17.02.2024<\/a>\n\t\t\t\t\t\t\t\t\t\t\t<span class=\"post-date\">20.02.2024<\/span>\n\t\t\t\t\t\t\t\t\t<\/li>\n\t\t\t\t\t\t\t\t\t\t\t<li>\n\t\t\t\t\t<a href=\"https:\/\/www.fischwaid-muenchen.de\/?p=3842\">Arbeitsdienst in Scheyern am 10.02.2024<\/a>\n\t\t\t\t\t\t\t\t\t\t\t<span class=\"post-date\">16.02.2024<\/span>\n\t\t\t\t\t\t\t\t\t<\/li>\n\t\t\t\t\t\t\t\t\t\t\t<li>\n\t\t\t\t\t<a href=\"https:\/\/www.fischwaid-muenchen.de\/?p=3825\">Teilhabe am Angelsport &#8211; M\u00f6gliche Angelpl\u00e4tze f\u00fcr Menschen mit Behinderung<\/a>\n\t\t\t\t\t\t\t\t\t\t\t<span class=\"post-date\">13.02.2024<\/span>\n\t\t\t\t\t\t\t\t\t<\/li>\n\t\t\t\t\t\t\t\t\t\t\t<li>\n\t\t\t\t\t<a href=\"https:\/\/www.fischwaid-muenchen.de\/?p=3805\">Regelm\u00e4\u00dfige Gew\u00e4sserkontrollen<\/a>\n\t\t\t\t\t\t\t\t\t\t\t<span class=\"post-date\">11.02.2024<\/span>\n\t\t\t\t\t\t\t\t\t<\/li>\n\t\t\t\t\t\t\t\t\t\t\t<li>\n\t\t\t\t\t<a href=\"https:\/\/www.fischwaid-muenchen.de\/?p=3787\">Arbeitsdienst Scheyern am 27.01.2024<\/a>\n\t\t\t\t\t\t\t\t\t\t\t<span class=\"post-date\">8.02.2024<\/span>\n\t\t\t\t\t\t\t\t\t<\/li>\n\t\t\t\t\t\t\t\t\t\t\t<li>\n\t\t\t\t\t<a href=\"https:\/\/www.fischwaid-muenchen.de\/?p=3783\">Arbeitsdienst Nasenbach am 20.01.2024<\/a>\n\t\t\t\t\t\t\t\t\t\t\t<span class=\"post-date\">7.02.2024<\/span>\n\t\t\t\t\t\t\t\t\t<\/li>\n\t\t\t\t\t\t\t\t\t\t\t<li>\n\t\t\t\t\t<a href=\"https:\/\/www.fischwaid-muenchen.de\/?p=3658\">Arbeitsdienst Nasenbach am 11.11.2023<\/a>\n\t\t\t\t\t\t\t\t\t\t\t<span class=\"post-date\">5.12.2023<\/span>\n\t\t\t\t\t\t\t\t\t<\/li>\n\t\t\t\t\t\t\t\t\t\t\t<li>\n\t\t\t\t\t<a href=\"https:\/\/www.fischwaid-muenchen.de\/?p=3645\">Artenhilfsprogramm (AHP) \u2013 Fischwaid M\u00fcnchen e.V. macht mit<\/a>\n\t\t\t\t\t\t\t\t\t\t\t<span class=\"post-date\">10.11.2023<\/span>\n\t\t\t\t\t\t\t\t\t<\/li>\n\t\t\t\t\t\t\t\t\t\t\t<li>\n\t\t\t\t\t<a href=\"https:\/\/www.fischwaid-muenchen.de\/?p=3627\">E-Fischen am Hachingerbach 04.11.2023<\/a>\n\t\t\t\t\t\t\t\t\t\t\t<span class=\"post-date\">8.11.2023<\/span>\n\t\t\t\t\t\t\t\t\t<\/li>\n\t\t\t\t\t\t\t\t\t\t\t<li>\n\t\t\t\t\t<a href=\"https:\/\/www.fischwaid-muenchen.de\/?p=3601\">Ramadama Speichersee 2023<\/a>\n\t\t\t\t\t\t\t\t\t\t\t<span class=\"post-date\">16.10.2023<\/span>\n\t\t\t\t\t\t\t\t\t<\/li>\n\t\t\t\t\t\t\t\t\t\t\t<li>\n\t\t\t\t\t<a href=\"https:\/\/www.fischwaid-muenchen.de\/?p=3585\">Zanderbesatz 2023<\/a>\n\t\t\t\t\t\t\t\t\t\t\t<span class=\"post-date\">15.10.2023<\/span>\n\t\t\t\t\t\t\t\t\t<\/li>\n\t\t\t\t\t\t\t\t\t\t\t<li>\n\t\t\t\t\t<a href=\"https:\/\/www.fischwaid-muenchen.de\/?p=3571\">Gew\u00e4sserbetreuertreffen am Waldsee<\/a>\n\t\t\t\t\t\t\t\t\t\t\t<span class=\"post-date\">12.10.2023<\/span>\n\t\t\t\t\t\t\t\t\t<\/li>\n\t\t\t\t\t\t\t\t\t\t\t<li>\n\t\t\t\t\t<a href=\"https:\/\/www.fischwaid-muenchen.de\/?p=3503\">Arbeitsdienst an der Goldach II<\/a>\n\t\t\t\t\t\t\t\t\t\t\t<span class=\"post-date\">2.09.2023<\/span>\n\t\t\t\t\t\t\t\t\t<\/li>\n\t\t\t\t\t\t\t\t\t\t\t<li>\n\t\t\t\t\t<a href=\"https:\/\/www.fischwaid-muenchen.de\/?p=3472\">Sturmsch\u00e4den Wieling<\/a>\n\t\t\t\t\t\t\t\t\t\t\t<span class=\"post-date\">18.07.2023<\/span>\n\t\t\t\t\t\t\t\t\t<\/li>\n\t\t\t\t\t\t\t\t\t\t\t<li>\n\t\t\t\t\t<a href=\"https:\/\/www.fischwaid-muenchen.de\/?p=3449\">K\u00f6nigsfischen 2023<\/a>\n\t\t\t\t\t\t\t\t\t\t\t<span class=\"post-date\">8.07.2023<\/span>\n\t\t\t\t\t\t\t\t\t<\/li>\n\t\t\t\t\t\t\t\t\t\t\t<li>\n\t\t\t\t\t<a href=\"https:\/\/www.fischwaid-muenchen.de\/?p=3420\">Renkenbrut am Hollerner See 2023<\/a>\n\t\t\t\t\t\t\t\t\t\t\t<span class=\"post-date\">6.06.2023<\/span>\n\t\t\t\t\t\t\t\t\t<\/li>\n\t\t\t\t\t\t\t\t\t\t\t<li>\n\t\t\t\t\t<a href=\"https:\/\/www.fischwaid-muenchen.de\/?p=3391\">Mitgliederversammlung 2023<\/a>\n\t\t\t\t\t\t\t\t\t\t\t<span class=\"post-date\">7.05.2023<\/span>\n\t\t\t\t\t\t\t\t\t<\/li>\n\t\t\t\t\t\t\t\t\t\t\t<li>\n\t\t\t\t\t<a href=\"https:\/\/www.fischwaid-muenchen.de\/?p=3365\">Neue Sitzbank am Waldsee<\/a>\n\t\t\t\t\t\t\t\t\t\t\t<span class=\"post-date\">16.04.2023<\/span>\n\t\t\t\t\t\t\t\t\t<\/li>\n\t\t\t\t\t\t\t\t\t\t\t<li>\n\t\t\t\t\t<a href=\"https:\/\/www.fischwaid-muenchen.de\/?p=3356\">In Scheyern ist der Biber los!<\/a>\n\t\t\t\t\t\t\t\t\t\t\t<span class=\"post-date\">16.04.2023<\/span>\n\t\t\t\t\t\t\t\t\t<\/li>\n\t\t\t\t\t\t\t\t\t\t\t<li>\n\t\t\t\t\t<a href=\"https:\/\/www.fischwaid-muenchen.de\/?p=3348\">Projekt Waldsee &#8211; weiterer Baum f\u00e4llt!<\/a>\n\t\t\t\t\t\t\t\t\t\t\t<span class=\"post-date\">16.04.2023<\/span>\n\t\t\t\t\t\t\t\t\t<\/li>\n\t\t\t\t\t\t\t\t\t\t\t<li>\n\t\t\t\t\t<a href=\"https:\/\/www.fischwaid-muenchen.de\/?p=3284\">Insektenhotels und Vogelbrutk\u00e4sten am Waldsee 2023<\/a>\n\t\t\t\t\t\t\t\t\t\t\t<span class=\"post-date\">18.03.2023<\/span>\n\t\t\t\t\t\t\t\t\t<\/li>\n\t\t\t\t\t\t\t\t\t\t\t<li>\n\t\t\t\t\t<a href=\"https:\/\/www.fischwaid-muenchen.de\/?p=3226\">Abdeckung f\u00fcr den Anh\u00e4nger<\/a>\n\t\t\t\t\t\t\t\t\t\t\t<span class=\"post-date\">11.03.2023<\/span>\n\t\t\t\t\t\t\t\t\t<\/li>\n\t\t\t\t\t\t\t\t\t\t\t<li>\n\t\t\t\t\t<a href=\"https:\/\/www.fischwaid-muenchen.de\/?p=3221\">Arbeitsdienst am Hollerner See 2023<\/a>\n\t\t\t\t\t\t\t\t\t\t\t<span class=\"post-date\">11.03.2023<\/span>\n\t\t\t\t\t\t\t\t\t<\/li>\n\t\t\t\t\t\t\t\t\t\t\t<li>\n\t\t\t\t\t<a href=\"https:\/\/www.fischwaid-muenchen.de\/?p=3031\">Baumspende f\u00fcr den Waldsee<\/a>\n\t\t\t\t\t\t\t\t\t\t\t<span class=\"post-date\">4.03.2023<\/span>\n\t\t\t\t\t\t\t\t\t<\/li>\n\t\t\t\t\t\t\t\t\t\t\t<li>\n\t\t\t\t\t<a href=\"https:\/\/www.fischwaid-muenchen.de\/?p=3026\">Erneuerung M\u00f6nch-Bretter in Scheyern 2023<\/a>\n\t\t\t\t\t\t\t\t\t\t\t<span class=\"post-date\">4.03.2023<\/span>\n\t\t\t\t\t\t\t\t\t<\/li>\n\t\t\t\t\t\t\t\t\t\t\t<li>\n\t\t\t\t\t<a href=\"https:\/\/www.fischwaid-muenchen.de\/?p=3015\">Schredderarbeiten am Waldsee 2023<\/a>\n\t\t\t\t\t\t\t\t\t\t\t<span class=\"post-date\">4.03.2023<\/span>\n\t\t\t\t\t\t\t\t\t<\/li>\n\t\t\t\t\t\t\t\t\t\t\t<li>\n\t\t\t\t\t<a href=\"https:\/\/www.fischwaid-muenchen.de\/?p=3002\">Arbeitsdienst am Zulauf Scheyern 2023<\/a>\n\t\t\t\t\t\t\t\t\t\t\t<span class=\"post-date\">4.03.2023<\/span>\n\t\t\t\t\t\t\t\t\t<\/li>\n\t\t\t\t\t\t\t\t\t\t\t<li>\n\t\t\t\t\t<a href=\"https:\/\/www.fischwaid-muenchen.de\/?p=2903\">Projekt Waldsee &#8211; neue B\u00e4ume<\/a>\n\t\t\t\t\t\t\t\t\t\t\t<span class=\"post-date\">24.02.2023<\/span>\n\t\t\t\t\t\t\t\t\t<\/li>\n\t\t\t\t\t\t\t\t\t\t\t<li>\n\t\t\t\t\t<a href=\"https:\/\/www.fischwaid-muenchen.de\/?p=2893\">Projekt Waldsee &#8211; Baum f\u00e4llt!<\/a>\n\t\t\t\t\t\t\t\t\t\t\t<span class=\"post-date\">24.02.2023<\/span>\n\t\t\t\t\t\t\t\t\t<\/li>\n\t\t\t\t\t\t\t\t\t\t\t<li>\n\t\t\t\t\t<a href=\"https:\/\/www.fischwaid-muenchen.de\/?p=2860\">Arbeitsdienst am Nasenbach 2023<\/a>\n\t\t\t\t\t\t\t\t\t\t\t<span class=\"post-date\">21.02.2023<\/span>\n\t\t\t\t\t\t\t\t\t<\/li>\n\t\t\t\t\t\t\t\t\t\t\t<li>\n\t\t\t\t\t<a href=\"https:\/\/www.fischwaid-muenchen.de\/?p=2753\">Besatz mit Bachforelleneiern am Nasenbach 2023<\/a>\n\t\t\t\t\t\t\t\t\t\t\t<span class=\"post-date\">14.02.2023<\/span>\n\t\t\t\t\t\t\t\t\t<\/li>\n\t\t\t\t\t\t\t\t\t\t\t<li>\n\t\t\t\t\t<a href=\"https:\/\/www.fischwaid-muenchen.de\/?p=2449\">Besatz mit Bachforelleneiern an der Ilm 2023<\/a>\n\t\t\t\t\t\t\t\t\t\t\t<span class=\"post-date\">11.02.2023<\/span>\n\t\t\t\t\t\t\t\t\t<\/li>\n\t\t\t\t\t\t\t\t\t\t\t<li>\n\t\t\t\t\t<a href=\"https:\/\/www.fischwaid-muenchen.de\/?p=2101\">Projekt Waldsee &#8211; es geht weiter&#8230;<\/a>\n\t\t\t\t\t\t\t\t\t\t\t<span class=\"post-date\">4.02.2023<\/span>\n\t\t\t\t\t\t\t\t\t<\/li>\n\t\t\t\t\t\t\t\t\t\t\t<li>\n\t\t\t\t\t<a href=\"https:\/\/www.fischwaid-muenchen.de\/?p=1776\">Arbeitsdienst am Brutboxenplatz an der Ilm 2023<\/a>\n\t\t\t\t\t\t\t\t\t\t\t<span class=\"post-date\">28.01.2023<\/span>\n\t\t\t\t\t\t\t\t\t<\/li>\n\t\t\t\t\t\t\t\t\t\t\t<li>\n\t\t\t\t\t<a href=\"https:\/\/www.fischwaid-muenchen.de\/?p=1751\">Arbeitsdienst an der Waldsee-Terrasse 2023<\/a>\n\t\t\t\t\t\t\t\t\t\t\t<span class=\"post-date\">23.01.2023<\/span>\n\t\t\t\t\t\t\t\t\t<\/li>\n\t\t\t\t\t\t\t\t\t\t\t<li>\n\t\t\t\t\t<a href=\"https:\/\/www.fischwaid-muenchen.de\/?p=1741\">Jung-\u00c4schen f\u00fcr die Goldach II 2023<\/a>\n\t\t\t\t\t\t\t\t\t\t\t<span class=\"post-date\">20.01.2023<\/span>\n\t\t\t\t\t\t\t\t\t<\/li>\n\t\t\t\t\t\t\t\t\t\t\t<li>\n\t\t\t\t\t<a href=\"https:\/\/www.fischwaid-muenchen.de\/?p=1729\">Arbeitsdienst an der Goldach II 2023<\/a>\n\t\t\t\t\t\t\t\t\t\t\t<span class=\"post-date\">16.01.2023<\/span>\n\t\t\t\t\t\t\t\t\t<\/li>\n\t\t\t\t\t\t\t\t\t\t\t<li>\n\t\t\t\t\t<a href=\"https:\/\/www.fischwaid-muenchen.de\/?p=1698\">Gutes Neues Jahr 2023 und Online-Tageskarten<\/a>\n\t\t\t\t\t\t\t\t\t\t\t<span class=\"post-date\">3.01.2023<\/span>\n\t\t\t\t\t\t\t\t\t<\/li>\n\t\t\t\t\t\t\t\t\t\t\t<li>\n\t\t\t\t\t<a href=\"https:\/\/www.fischwaid-muenchen.de\/?p=1639\">Arbeitseinsatz an der Ilm Herbst 2022<\/a>\n\t\t\t\t\t\t\t\t\t\t\t<span class=\"post-date\">23.11.2022<\/span>\n\t\t\t\t\t\t\t\t\t<\/li>\n\t\t\t\t\t\t\t\t\t\t\t<li>\n\t\t\t\t\t<a href=\"https:\/\/www.fischwaid-muenchen.de\/?p=1636\">Arbeitseinsatz in Scheyern Herbst 2022<\/a>\n\t\t\t\t\t\t\t\t\t\t\t<span class=\"post-date\">23.11.2022<\/span>\n\t\t\t\t\t\t\t\t\t<\/li>\n\t\t\t\t\t\t\t\t\t\t\t<li>\n\t\t\t\t\t<a href=\"https:\/\/www.fischwaid-muenchen.de\/?p=1629\">Arbeitseinsatz am Waldsee Herbst 2022<\/a>\n\t\t\t\t\t\t\t\t\t\t\t<span class=\"post-date\">23.11.2022<\/span>\n\t\t\t\t\t\t\t\t\t<\/li>\n\t\t\t\t\t\t\t\t\t\t\t<li>\n\t\t\t\t\t<a href=\"https:\/\/www.fischwaid-muenchen.de\/?p=1608\">E-Fischen am Hachingerbach 2022<\/a>\n\t\t\t\t\t\t\t\t\t\t\t<span class=\"post-date\">13.11.2022<\/span>\n\t\t\t\t\t\t\t\t\t<\/li>\n\t\t\t\t\t\t\t\t\t\t\t<li>\n\t\t\t\t\t<a href=\"https:\/\/www.fischwaid-muenchen.de\/?p=1577\">Ramadama der Jugend am Feringasee 2022<\/a>\n\t\t\t\t\t\t\t\t\t\t\t<span class=\"post-date\">31.10.2022<\/span>\n\t\t\t\t\t\t\t\t\t<\/li>\n\t\t\t\t\t\t\t\t\t\t\t<li>\n\t\t\t\t\t<a href=\"https:\/\/www.fischwaid-muenchen.de\/?p=1517\">Wichtige Besatzsperren<\/a>\n\t\t\t\t\t\t\t\t\t\t\t<span class=\"post-date\">3.10.2022<\/span>\n\t\t\t\t\t\t\t\t\t<\/li>\n\t\t\t\t\t\t\t\t\t\t\t<li>\n\t\t\t\t\t<a href=\"https:\/\/www.fischwaid-muenchen.de\/?p=1506\">Zander Besatz Herbst 2022<\/a>\n\t\t\t\t\t\t\t\t\t\t\t<span class=\"post-date\">2.10.2022<\/span>\n\t\t\t\t\t\t\t\t\t<\/li>\n\t\t\t\t\t\t\t\t\t\t\t<li>\n\t\t\t\t\t<a href=\"https:\/\/www.fischwaid-muenchen.de\/?p=1459\">K\u00f6nigsfischen 2022<\/a>\n\t\t\t\t\t\t\t\t\t\t\t<span class=\"post-date\">29.09.2022<\/span>\n\t\t\t\t\t\t\t\t\t<\/li>\n\t\t\t\t\t<\/ul>\n\n\t\t<\/div><\/div><\/div><\/div><\/div>","protected":false},"excerpt":{"rendered":"<p>Alle Beitr\u00e4ge E-Fischen am Nasenbach &#8211; 28.03.2026 28.03.2026 Arbeitsdienst Waldsee &#8211; 07.03.2026 15.03.2026 Arbeitsdienst Goldach II &#8211; 21.02.2026 15.03.2026 Arbeitsdienst Waldsee &#8211; 24.01.2026 25.01.2026 Arbeitsdienst Nasenbach &#8211; 24.01.2026 25.01.2026 Gew\u00e4sserpflege an der Ilm &#8211; 29.12.2025 29.12.2025 Arbeitsdienst in Scheyern &#8211; 13.12.2025 15.12.2025 E-Fischen Hachingerbach &#8211; 22.11.2025 24.11.2025 E-Fischen BMW Sickergraben&#8230;<\/p>\n<p class=\"continue-reading-button\"> <a class=\"continue-reading-link\" href=\"https:\/\/www.fischwaid-muenchen.de\/?page_id=525\">weiter<i class=\"crycon-right-dir\"><\/i><\/a><\/p>\n","protected":false},"author":2,"featured_media":0,"parent":36,"menu_order":0,"comment_status":"closed","ping_status":"closed","template":"templates\/template-onecolumn.php","meta":{"footnotes":""},"wf_page_folders":[16],"class_list":["post-525","page","type-page","status-publish","hentry"],"yoast_head":"<!-- This site is optimized with the Yoast SEO plugin v27.4 - https:\/\/yoast.com\/product\/yoast-seo-wordpress\/ -->\n<title>Beitr\u00e4ge - Fischereiverein Fischwaid M\u00fcnchen e.V.<\/title>\n<meta name=\"robots\" content=\"index, follow, max-snippet:-1, max-image-preview:large, max-video-preview:-1\" \/>\n<link rel=\"canonical\" href=\"https:\/\/www.fischwaid-muenchen.de\/?page_id=525\" \/>\n<meta property=\"og:locale\" content=\"de_DE\" \/>\n<meta property=\"og:type\" content=\"article\" \/>\n<meta property=\"og:title\" content=\"Beitr\u00e4ge - Fischereiverein Fischwaid M\u00fcnchen e.V.\" \/>\n<meta property=\"og:description\" content=\"Alle Beitr\u00e4ge E-Fischen am Nasenbach &#8211; 28.03.2026 28.03.2026 Arbeitsdienst Waldsee &#8211; 07.03.2026 15.03.2026 Arbeitsdienst Goldach II &#8211; 21.02.2026 15.03.2026 Arbeitsdienst Waldsee &#8211; 24.01.2026 25.01.2026 Arbeitsdienst Nasenbach &#8211; 24.01.2026 25.01.2026 Gew\u00e4sserpflege an der Ilm &#8211; 29.12.2025 29.12.2025 Arbeitsdienst in Scheyern &#8211; 13.12.2025 15.12.2025 E-Fischen Hachingerbach &#8211; 22.11.2025 24.11.2025 E-Fischen BMW Sickergraben... weiter\" \/>\n<meta property=\"og:url\" content=\"https:\/\/www.fischwaid-muenchen.de\/?page_id=525\" \/>\n<meta property=\"og:site_name\" content=\"Fischereiverein Fischwaid M\u00fcnchen e.V.\" \/>\n<meta property=\"article:publisher\" content=\"https:\/\/www.facebook.com\/Fischereiverein-Fischwaid-Mnchen-eV-175669222446351\" \/>\n<meta property=\"article:modified_time\" content=\"2023-02-14T12:23:26+00:00\" \/>\n<meta name=\"twitter:card\" content=\"summary_large_image\" \/>\n<script type=\"application\/ld+json\" class=\"yoast-schema-graph\">{\"@context\":\"https:\\\/\\\/schema.org\",\"@graph\":[{\"@type\":\"WebPage\",\"@id\":\"https:\\\/\\\/www.fischwaid-muenchen.de\\\/?page_id=525\",\"url\":\"https:\\\/\\\/www.fischwaid-muenchen.de\\\/?page_id=525\",\"name\":\"Beitr\u00e4ge - Fischereiverein Fischwaid M\u00fcnchen e.V.\",\"isPartOf\":{\"@id\":\"https:\\\/\\\/www.fischwaid-muenchen.de\\\/#website\"},\"datePublished\":\"2021-05-25T11:15:00+00:00\",\"dateModified\":\"2023-02-14T12:23:26+00:00\",\"breadcrumb\":{\"@id\":\"https:\\\/\\\/www.fischwaid-muenchen.de\\\/?page_id=525#breadcrumb\"},\"inLanguage\":\"de\",\"potentialAction\":[{\"@type\":\"ReadAction\",\"target\":[\"https:\\\/\\\/www.fischwaid-muenchen.de\\\/?page_id=525\"]}]},{\"@type\":\"BreadcrumbList\",\"@id\":\"https:\\\/\\\/www.fischwaid-muenchen.de\\\/?page_id=525#breadcrumb\",\"itemListElement\":[{\"@type\":\"ListItem\",\"position\":1,\"name\":\"Startseite\",\"item\":\"https:\\\/\\\/www.fischwaid-muenchen.de\\\/\"},{\"@type\":\"ListItem\",\"position\":2,\"name\":\"Aktuelles\",\"item\":\"https:\\\/\\\/www.fischwaid-muenchen.de\\\/?page_id=36\"},{\"@type\":\"ListItem\",\"position\":3,\"name\":\"Beitr\u00e4ge\"}]},{\"@type\":\"WebSite\",\"@id\":\"https:\\\/\\\/www.fischwaid-muenchen.de\\\/#website\",\"url\":\"https:\\\/\\\/www.fischwaid-muenchen.de\\\/\",\"name\":\"Fischereiverein Fischwaid M\u00fcnchen e.V.\",\"description\":\"\",\"publisher\":{\"@id\":\"https:\\\/\\\/www.fischwaid-muenchen.de\\\/#organization\"},\"potentialAction\":[{\"@type\":\"SearchAction\",\"target\":{\"@type\":\"EntryPoint\",\"urlTemplate\":\"https:\\\/\\\/www.fischwaid-muenchen.de\\\/?s={search_term_string}\"},\"query-input\":{\"@type\":\"PropertyValueSpecification\",\"valueRequired\":true,\"valueName\":\"search_term_string\"}}],\"inLanguage\":\"de\"},{\"@type\":\"Organization\",\"@id\":\"https:\\\/\\\/www.fischwaid-muenchen.de\\\/#organization\",\"name\":\"Fischwaid M\u00fcnchen e.V.\",\"url\":\"https:\\\/\\\/www.fischwaid-muenchen.de\\\/\",\"logo\":{\"@type\":\"ImageObject\",\"inLanguage\":\"de\",\"@id\":\"https:\\\/\\\/www.fischwaid-muenchen.de\\\/#\\\/schema\\\/logo\\\/image\\\/\",\"url\":\"https:\\\/\\\/www.fischwaid-muenchen.de\\\/wp-content\\\/uploads\\\/2021\\\/05\\\/fischwaid-logo.png\",\"contentUrl\":\"https:\\\/\\\/www.fischwaid-muenchen.de\\\/wp-content\\\/uploads\\\/2021\\\/05\\\/fischwaid-logo.png\",\"width\":1000,\"height\":1195,\"caption\":\"Fischwaid M\u00fcnchen e.V.\"},\"image\":{\"@id\":\"https:\\\/\\\/www.fischwaid-muenchen.de\\\/#\\\/schema\\\/logo\\\/image\\\/\"},\"sameAs\":[\"https:\\\/\\\/www.facebook.com\\\/Fischereiverein-Fischwaid-Mnchen-eV-175669222446351\",\"https:\\\/\\\/www.instagram.com\\\/fischwaid_muenchen_ev\\\/?igshid=YmMyMTA2M2Y=\"]}]}<\/script>\n<!-- \/ Yoast SEO plugin. -->","yoast_head_json":{"title":"Beitr\u00e4ge - Fischereiverein Fischwaid M\u00fcnchen e.V.","robots":{"index":"index","follow":"follow","max-snippet":"max-snippet:-1","max-image-preview":"max-image-preview:large","max-video-preview":"max-video-preview:-1"},"canonical":"https:\/\/www.fischwaid-muenchen.de\/?page_id=525","og_locale":"de_DE","og_type":"article","og_title":"Beitr\u00e4ge - Fischereiverein Fischwaid M\u00fcnchen e.V.","og_description":"Alle Beitr\u00e4ge E-Fischen am Nasenbach &#8211; 28.03.2026 28.03.2026 Arbeitsdienst Waldsee &#8211; 07.03.2026 15.03.2026 Arbeitsdienst Goldach II &#8211; 21.02.2026 15.03.2026 Arbeitsdienst Waldsee &#8211; 24.01.2026 25.01.2026 Arbeitsdienst Nasenbach &#8211; 24.01.2026 25.01.2026 Gew\u00e4sserpflege an der Ilm &#8211; 29.12.2025 29.12.2025 Arbeitsdienst in Scheyern &#8211; 13.12.2025 15.12.2025 E-Fischen Hachingerbach &#8211; 22.11.2025 24.11.2025 E-Fischen BMW Sickergraben... weiter","og_url":"https:\/\/www.fischwaid-muenchen.de\/?page_id=525","og_site_name":"Fischereiverein Fischwaid M\u00fcnchen e.V.","article_publisher":"https:\/\/www.facebook.com\/Fischereiverein-Fischwaid-Mnchen-eV-175669222446351","article_modified_time":"2023-02-14T12:23:26+00:00","twitter_card":"summary_large_image","schema":{"@context":"https:\/\/schema.org","@graph":[{"@type":"WebPage","@id":"https:\/\/www.fischwaid-muenchen.de\/?page_id=525","url":"https:\/\/www.fischwaid-muenchen.de\/?page_id=525","name":"Beitr\u00e4ge - Fischereiverein Fischwaid M\u00fcnchen e.V.","isPartOf":{"@id":"https:\/\/www.fischwaid-muenchen.de\/#website"},"datePublished":"2021-05-25T11:15:00+00:00","dateModified":"2023-02-14T12:23:26+00:00","breadcrumb":{"@id":"https:\/\/www.fischwaid-muenchen.de\/?page_id=525#breadcrumb"},"inLanguage":"de","potentialAction":[{"@type":"ReadAction","target":["https:\/\/www.fischwaid-muenchen.de\/?page_id=525"]}]},{"@type":"BreadcrumbList","@id":"https:\/\/www.fischwaid-muenchen.de\/?page_id=525#breadcrumb","itemListElement":[{"@type":"ListItem","position":1,"name":"Startseite","item":"https:\/\/www.fischwaid-muenchen.de\/"},{"@type":"ListItem","position":2,"name":"Aktuelles","item":"https:\/\/www.fischwaid-muenchen.de\/?page_id=36"},{"@type":"ListItem","position":3,"name":"Beitr\u00e4ge"}]},{"@type":"WebSite","@id":"https:\/\/www.fischwaid-muenchen.de\/#website","url":"https:\/\/www.fischwaid-muenchen.de\/","name":"Fischereiverein Fischwaid M\u00fcnchen e.V.","description":"","publisher":{"@id":"https:\/\/www.fischwaid-muenchen.de\/#organization"},"potentialAction":[{"@type":"SearchAction","target":{"@type":"EntryPoint","urlTemplate":"https:\/\/www.fischwaid-muenchen.de\/?s={search_term_string}"},"query-input":{"@type":"PropertyValueSpecification","valueRequired":true,"valueName":"search_term_string"}}],"inLanguage":"de"},{"@type":"Organization","@id":"https:\/\/www.fischwaid-muenchen.de\/#organization","name":"Fischwaid M\u00fcnchen e.V.","url":"https:\/\/www.fischwaid-muenchen.de\/","logo":{"@type":"ImageObject","inLanguage":"de","@id":"https:\/\/www.fischwaid-muenchen.de\/#\/schema\/logo\/image\/","url":"https:\/\/www.fischwaid-muenchen.de\/wp-content\/uploads\/2021\/05\/fischwaid-logo.png","contentUrl":"https:\/\/www.fischwaid-muenchen.de\/wp-content\/uploads\/2021\/05\/fischwaid-logo.png","width":1000,"height":1195,"caption":"Fischwaid M\u00fcnchen e.V."},"image":{"@id":"https:\/\/www.fischwaid-muenchen.de\/#\/schema\/logo\/image\/"},"sameAs":["https:\/\/www.facebook.com\/Fischereiverein-Fischwaid-Mnchen-eV-175669222446351","https:\/\/www.instagram.com\/fischwaid_muenchen_ev\/?igshid=YmMyMTA2M2Y="]}]}},"_links":{"self":[{"href":"https:\/\/www.fischwaid-muenchen.de\/index.php?rest_route=\/wp\/v2\/pages\/525","targetHints":{"allow":["GET"]}}],"collection":[{"href":"https:\/\/www.fischwaid-muenchen.de\/index.php?rest_route=\/wp\/v2\/pages"}],"about":[{"href":"https:\/\/www.fischwaid-muenchen.de\/index.php?rest_route=\/wp\/v2\/types\/page"}],"author":[{"embeddable":true,"href":"https:\/\/www.fischwaid-muenchen.de\/index.php?rest_route=\/wp\/v2\/users\/2"}],"replies":[{"embeddable":true,"href":"https:\/\/www.fischwaid-muenchen.de\/index.php?rest_route=%2Fwp%2Fv2%2Fcomments&post=525"}],"version-history":[{"count":0,"href":"https:\/\/www.fischwaid-muenchen.de\/index.php?rest_route=\/wp\/v2\/pages\/525\/revisions"}],"up":[{"embeddable":true,"href":"https:\/\/www.fischwaid-muenchen.de\/index.php?rest_route=\/wp\/v2\/pages\/36"}],"wp:attachment":[{"href":"https:\/\/www.fischwaid-muenchen.de\/index.php?rest_route=%2Fwp%2Fv2%2Fmedia&parent=525"}],"wp:term":[{"taxonomy":"wf_page_folders","embeddable":true,"href":"https:\/\/www.fischwaid-muenchen.de\/index.php?rest_route=%2Fwp%2Fv2%2Fwf_page_folders&post=525"}],"curies":[{"name":"wp","href":"https:\/\/api.w.org\/{rel}","templated":true}]}}