{"id":2303,"date":"2023-02-09T19:02:16","date_gmt":"2023-02-09T17:02:16","guid":{"rendered":"https:\/\/www.fischwaid-muenchen.de\/?page_id=2303"},"modified":"2024-12-15T16:30:14","modified_gmt":"2024-12-15T14:30:14","slug":"standard-gallerie","status":"publish","type":"page","link":"https:\/\/www.fischwaid-muenchen.de\/?page_id=2303","title":{"rendered":"Sch\u00f6ne F\u00e4nge"},"content":{"rendered":"<div id=\"pl-2303\"  class=\"panel-layout\" ><div id=\"pg-2303-0\"  class=\"panel-grid panel-no-style\" ><div id=\"pgc-2303-0-0\"  class=\"panel-grid-cell\" ><div id=\"panel-2303-0-0-0\" class=\"so-panel widget widget_sow-editor panel-first-child\" data-index=\"0\" ><div\n\t\t\t\n\t\t\tclass=\"so-widget-sow-editor so-widget-sow-editor-base\"\n\t\t\t\n\t\t>\n<div class=\"siteorigin-widget-tinymce textwidget\">\n\t<div id=\"grid-gallery-4-84833\" data-gg-id=\"4\" data-title=\"Sch\u00f6ne F\u00e4nge\" data-grid-type=\"0\" data-offset=\"10.3\" data-area-position=\"center\" data-icons=\"false\" data-preloader=\"true\" data-width=\"215\" data-height=\"215\" data-padding=\"0\" data-quicksand=\"disabled\" data-quicksand-duration=\"none\" data-popup-theme=\"theme_6\" data-popup-type=\"pretty-photo\" data-popup-image-text=\"data-description\" data-popup-widthsize=\"auto\" data-popup-heightsize=\"auto\" data-popup-i18n-words=\"{&quot;close&quot;:&quot;schlie\\u00dfen&quot;,&quot;next&quot;:&quot;n\\u00e4chste&quot;,&quot;previous&quot;:&quot;vorherige&quot;,&quot;start_slideshow&quot;:&quot;Starte Slideshow&quot;,&quot;stop_slideshow&quot;:&quot;Stoppe Slideshow&quot;,&quot;image&quot;:&quot;Bild&quot;,&quot;of&quot;:&quot;von&quot;,&quot;prev&quot;:&quot;vorherige&quot;,&quot;cExpand&quot;:&quot;Erweitere&quot;,&quot;cPrevious&quot;:&quot;Vorheriges&quot;,&quot;cNext&quot;:&quot;N\\u00e4chstes&quot;,&quot;cExpandStr&quot;:&quot;Erweitere Bild&quot;,&quot;cRotate&quot;:&quot;Rotate&quot;,&quot;cDetails&quot;:&quot;Details&quot;}\" data-popup-slideshow=\"true\" data-popup-slideshow-speed=\"5000\" data-popup-hoverstop=\"true\" data-popup-slideshow-auto=\"true\" data-popup-background=\"\" data-popup-transparency=\"30\" data-popup-disable-history=\"\" data-popup-disable-changed-url=\"\" data-popup-border-type=\"solid\" data-popup-border-color=\"\" data-popup-border-width=\"\" data-popup-border-enable=\"\" data-fullscreen=\"false\" data-hide-tooltip=\"false\" data-caption-font-family=\"Default\" data-caption-text-size=\"140\" data-is-mobile=\"0\" data-caption-mobile=\"false\" data-hide-long-tltp-title=\"0\" data-caption-disabled-on-mobile=\"false\" data-popup-placement-type=\"0\" data-social-sharing=\"{&quot;enabled&quot;:&quot;&quot;,&quot;gallerySharing&quot;:{&quot;enabled&quot;:null,&quot;position&quot;:null},&quot;imageSharing&quot;:{&quot;enabled&quot;:null,&quot;wrapperClass&quot;:&quot; vertical &quot;},&quot;popupSharing&quot;:{&quot;enabled&quot;:null,&quot;wrapperClass&quot;:&quot; vertical &quot;}}\" class=\"grid-gallery grid-gallery-fixed \" style=\" width:100%; height:auto; margin-left:auto; margin-right:auto;position:relative;\"> <div class=\"gallery-loading\"> <div class=\"blocks\"> <div class=\"block\"><\/div> <div class=\"block\"><\/div> <div class=\"block\"><\/div> <div class=\"block\"><\/div> <\/div> <\/div> <div class=\"gallery-sharing-top\"><\/div> <div id=\"photos-4\" class=\"grid-gallery-photos\"><a id=\"gg-4-97\" class=\"gg-link \" data-attachment-id=\"3247\" href=\"https:\/\/www.fischwaid-muenchen.de\/wp-content\/uploads\/2023\/03\/SpeicherseeHecht_Eberl.jpg?gid=4\" target=\"_self\" title=\"Gew\u00e4sser: Speichersee Fischart: Hecht Gr\u00f6\u00dfe: 110 cm F\u00e4nger: Constantin Eberl\" data-rel=\"prettyPhoto[pp_gal]\" style=\"border-radius:00;\" ><FIGURE class=\"grid-gallery-caption\" data-grid-gallery-type=\"quarter-zoom\" data-index=\"0\" style=\"display:none;border:2pxsolid#ffffff; border-radius:00; box-shadow:2px 4px 5px #000000;; margin:10.3px; width:2150;\" ><div class=\"crop\" style=\" width:2150; height:2150; overflow:hidden;\"><img decoding=\"async\" src=\"https:\/\/www.fischwaid-muenchen.de\/wp-content\/uploads\/2023\/03\/SpeicherseeHecht_Eberl-215x215.jpg\" class=\"ggImg\" alt=\"SpeicherseeHecht_Eberl\" title=\"Gew\u00e4sser: Speichersee Fischart: Hecht Gr\u00f6\u00dfe: 110 cm F\u00e4nger: Constantin Eberl\" data-description=\"Gew\u00e4sser: Speichersee Fischart: Hecht Gr\u00f6\u00dfe: 110 cm F\u00e4nger: Constantin Eberl\" data-caption=\"Hecht\" data-title=\"SpeicherseeHecht_Eberl\" style=\" width:215px; height:215px;\" \/><\/div><FIGCAPTION class=\"\" data-alpha=\"5\" style=\"color:#ffffff; background-color:#6f0000; font-size:140; text-align:left; font-family:Default;\" ><div class=\"grid-gallery-figcaption-wrap\" style=\" vertical-align:top;\"><div class=\"gg-image-caption fitvidsignore\" style=\"font-size:140;\"><object type=\"none\/none\">Hecht <\/object><\/div><\/div><\/FIGCAPTION><\/FIGURE><\/a><a id=\"gg-4-106\" class=\"gg-link \" data-attachment-id=\"3255\" href=\"https:\/\/www.fischwaid-muenchen.de\/wp-content\/uploads\/2023\/03\/HollernerSeeKarpfen_Pres.jpg?gid=4\" target=\"_self\" title=\"Gew\u00e4sser: Hollerner See Fischart: Spiegelkarpfen Gr\u00f6\u00dfe: 74 cm F\u00e4nger: Patryk Pres\" data-rel=\"prettyPhoto[pp_gal]\" style=\"border-radius:00;\" ><FIGURE class=\"grid-gallery-caption\" data-grid-gallery-type=\"quarter-zoom\" data-index=\"1\" style=\"display:none;border:2pxsolid#ffffff; border-radius:00; box-shadow:2px 4px 5px #000000;; margin:10.3px; width:2150;\" ><div class=\"crop\" style=\" width:2150; height:2150; overflow:hidden;\"><img decoding=\"async\" src=\"https:\/\/www.fischwaid-muenchen.de\/wp-content\/uploads\/2023\/03\/HollernerSeeKarpfen_Pres-215x215.jpg\" class=\"ggImg\" alt=\"HollernerSeeKarpfen_Pres\" title=\"Gew\u00e4sser: Hollerner See Fischart: Spiegelkarpfen Gr\u00f6\u00dfe: 74 cm F\u00e4nger: Patryk Pres\" data-description=\"Gew\u00e4sser: Hollerner See Fischart: Spiegelkarpfen Gr\u00f6\u00dfe: 74 cm F\u00e4nger: Patryk Pres\" data-caption=\"Spiegelkarpfen\" data-title=\"HollernerSeeKarpfen_Pres\" style=\" width:215px; height:215px;\" \/><\/div><FIGCAPTION class=\"\" data-alpha=\"5\" style=\"color:#ffffff; background-color:#6f0000; font-size:140; text-align:left; font-family:Default;\" ><div class=\"grid-gallery-figcaption-wrap\" style=\" vertical-align:top;\"><div class=\"gg-image-caption fitvidsignore\" style=\"font-size:140;\"><object type=\"none\/none\">Spiegelkarpfen <\/object><\/div><\/div><\/FIGCAPTION><\/FIGURE><\/a><a id=\"gg-4-110\" class=\"gg-link \" data-attachment-id=\"3259\" href=\"https:\/\/www.fischwaid-muenchen.de\/wp-content\/uploads\/2023\/03\/IlmBachforelle_Brucklacher1.jpg?gid=4\" target=\"_self\" title=\"Gew\u00e4sser: Ilm Fischart: Bachforelle Gr\u00f6\u00dfe: 37 cm F\u00e4nger: Andreas Brucklacher\" data-rel=\"prettyPhoto[pp_gal]\" style=\"border-radius:00;\" ><FIGURE class=\"grid-gallery-caption\" data-grid-gallery-type=\"quarter-zoom\" data-index=\"2\" style=\"display:none;border:2pxsolid#ffffff; border-radius:00; box-shadow:2px 4px 5px #000000;; margin:10.3px; width:2150;\" ><div class=\"crop\" style=\" width:2150; height:2150; overflow:hidden;\"><img decoding=\"async\" src=\"https:\/\/www.fischwaid-muenchen.de\/wp-content\/uploads\/2023\/03\/IlmBachforelle_Brucklacher1-215x215.jpg\" class=\"ggImg\" alt=\"IlmBachforelle_Brucklacher1\" title=\"Gew\u00e4sser: Ilm Fischart: Bachforelle Gr\u00f6\u00dfe: 37 cm F\u00e4nger: Andreas Brucklacher\" data-description=\"Gew\u00e4sser: Ilm Fischart: Bachforelle Gr\u00f6\u00dfe: 37 cm F\u00e4nger: Andreas Brucklacher\" data-caption=\"Bachforelle\" data-title=\"IlmBachforelle_Brucklacher1\" style=\" width:215px; height:215px;\" \/><\/div><FIGCAPTION class=\"\" data-alpha=\"5\" style=\"color:#ffffff; background-color:#6f0000; font-size:140; text-align:left; font-family:Default;\" ><div class=\"grid-gallery-figcaption-wrap\" style=\" vertical-align:top;\"><div class=\"gg-image-caption fitvidsignore\" style=\"font-size:140;\"><object type=\"none\/none\">Bachforelle <\/object><\/div><\/div><\/FIGCAPTION><\/FIGURE><\/a><a id=\"gg-4-104\" class=\"gg-link \" data-attachment-id=\"3257\" href=\"https:\/\/www.fischwaid-muenchen.de\/wp-content\/uploads\/2023\/03\/IlmBachforelle_Pres.jpg?gid=4\" target=\"_self\" title=\"Gew\u00e4sser: Ilm Fischart: Bachforelle Gr\u00f6\u00dfe: 44 cm F\u00e4nger: Patryk Pres\" data-rel=\"prettyPhoto[pp_gal]\" style=\"border-radius:00;\" ><FIGURE class=\"grid-gallery-caption\" data-grid-gallery-type=\"quarter-zoom\" data-index=\"3\" style=\"display:none;border:2pxsolid#ffffff; border-radius:00; box-shadow:2px 4px 5px #000000;; margin:10.3px; width:2150;\" ><div class=\"crop\" style=\" width:2150; height:2150; overflow:hidden;\"><img decoding=\"async\" src=\"https:\/\/www.fischwaid-muenchen.de\/wp-content\/uploads\/2023\/03\/IlmBachforelle_Pres-215x215.jpg\" class=\"ggImg\" alt=\"IlmBachforelle_Pres\" title=\"Gew\u00e4sser: Ilm Fischart: Bachforelle Gr\u00f6\u00dfe: 44 cm F\u00e4nger: Patryk Pres\" data-description=\"Gew\u00e4sser: Ilm Fischart: Bachforelle Gr\u00f6\u00dfe: 44 cm F\u00e4nger: Patryk Pres\" data-caption=\"Bachforelle\" data-title=\"IlmBachforelle_Pres\" style=\" width:215px; height:215px;\" \/><\/div><FIGCAPTION class=\"\" data-alpha=\"5\" style=\"color:#ffffff; background-color:#6f0000; font-size:140; text-align:left; font-family:Default;\" ><div class=\"grid-gallery-figcaption-wrap\" style=\" vertical-align:top;\"><div class=\"gg-image-caption fitvidsignore\" style=\"font-size:140;\"><object type=\"none\/none\">Bachforelle <\/object><\/div><\/div><\/FIGCAPTION><\/FIGURE><\/a><a id=\"gg-4-100\" class=\"gg-link \" data-attachment-id=\"3244\" href=\"https:\/\/www.fischwaid-muenchen.de\/wp-content\/uploads\/2023\/03\/HollernerSeeForelle_Klewek.jpg?gid=4\" target=\"_self\" title=\"Gew\u00e4sser: Hollerner See Fischart: Regenbogenforelle Gr\u00f6\u00dfe: 38 cm F\u00e4nger: Patryk Klewek\" data-rel=\"prettyPhoto[pp_gal]\" style=\"border-radius:00;\" ><FIGURE class=\"grid-gallery-caption\" data-grid-gallery-type=\"quarter-zoom\" data-index=\"4\" style=\"display:none;border:2pxsolid#ffffff; border-radius:00; box-shadow:2px 4px 5px #000000;; margin:10.3px; width:2150;\" ><div class=\"crop\" style=\" width:2150; height:2150; overflow:hidden;\"><img decoding=\"async\" src=\"https:\/\/www.fischwaid-muenchen.de\/wp-content\/uploads\/2023\/03\/HollernerSeeForelle_Klewek-215x215.jpg\" class=\"ggImg\" alt=\"HollernerSeeForelle_Klewek\" title=\"Gew\u00e4sser: Hollerner See Fischart: Regenbogenforelle Gr\u00f6\u00dfe: 38 cm F\u00e4nger: Patryk Klewek \" data-description=\"Gew\u00e4sser: Hollerner See Fischart: Regenbogenforelle Gr\u00f6\u00dfe: 38 cm F\u00e4nger: Patryk Klewek \" data-caption=\"Regenbogenforelle\" data-title=\"HollernerSeeForelle_Klewek\" style=\" width:215px; height:215px;\" \/><\/div><FIGCAPTION class=\"\" data-alpha=\"5\" style=\"color:#ffffff; background-color:#6f0000; font-size:140; text-align:left; font-family:Default;\" ><div class=\"grid-gallery-figcaption-wrap\" style=\" vertical-align:top;\"><div class=\"gg-image-caption fitvidsignore\" style=\"font-size:140;\"><object type=\"none\/none\">Regenbogenforelle <\/object><\/div><\/div><\/FIGCAPTION><\/FIGURE><\/a><a id=\"gg-4-103\" class=\"gg-link \" data-attachment-id=\"3258\" href=\"https:\/\/www.fischwaid-muenchen.de\/wp-content\/uploads\/2023\/03\/NasenbachBarbe_Pres.jpg?gid=4\" target=\"_self\" title=\"Gew\u00e4sser: Nasenbach \/ Goldach Fischart: Barbe Gr\u00f6\u00dfe: 56 cm F\u00e4nger: Patryk Pres\" data-rel=\"prettyPhoto[pp_gal]\" style=\"border-radius:00;\" ><FIGURE class=\"grid-gallery-caption\" data-grid-gallery-type=\"quarter-zoom\" data-index=\"5\" style=\"display:none;border:2pxsolid#ffffff; border-radius:00; box-shadow:2px 4px 5px #000000;; margin:10.3px; width:2150;\" ><div class=\"crop\" style=\" width:2150; height:2150; overflow:hidden;\"><img decoding=\"async\" src=\"https:\/\/www.fischwaid-muenchen.de\/wp-content\/uploads\/2023\/03\/NasenbachBarbe_Pres-215x215.jpg\" class=\"ggImg\" alt=\"NasenbachBarbe_Pres\" title=\"Gew\u00e4sser: Nasenbach \/ Goldach Fischart: Barbe Gr\u00f6\u00dfe: 56 cm F\u00e4nger: Patryk Pres\" data-description=\"Gew\u00e4sser: Nasenbach \/ Goldach Fischart: Barbe Gr\u00f6\u00dfe: 56 cm F\u00e4nger: Patryk Pres\" data-caption=\"Barbe\" data-title=\"NasenbachBarbe_Pres\" style=\" width:215px; height:215px;\" \/><\/div><FIGCAPTION class=\"\" data-alpha=\"5\" style=\"color:#ffffff; background-color:#6f0000; font-size:140; text-align:left; font-family:Default;\" ><div class=\"grid-gallery-figcaption-wrap\" style=\" vertical-align:top;\"><div class=\"gg-image-caption fitvidsignore\" style=\"font-size:140;\"><object type=\"none\/none\">Barbe <\/object><\/div><\/div><\/FIGCAPTION><\/FIGURE><\/a><a id=\"gg-4-98\" class=\"gg-link \" data-attachment-id=\"3246\" href=\"https:\/\/www.fischwaid-muenchen.de\/wp-content\/uploads\/2023\/03\/Feringaseebarsch_Eberl-scaled.jpg?gid=4\" target=\"_self\" title=\"Gew\u00e4sser: Feringasee Fischart: Flussbarsch Gr\u00f6\u00dfe: 37 cm F\u00e4nger: Constantin Eberl\" data-rel=\"prettyPhoto[pp_gal]\" style=\"border-radius:00;\" ><FIGURE class=\"grid-gallery-caption\" data-grid-gallery-type=\"quarter-zoom\" data-index=\"6\" style=\"display:none;border:2pxsolid#ffffff; border-radius:00; box-shadow:2px 4px 5px #000000;; margin:10.3px; width:2150;\" ><div class=\"crop\" style=\" width:2150; height:2150; overflow:hidden;\"><img decoding=\"async\" src=\"https:\/\/www.fischwaid-muenchen.de\/wp-content\/uploads\/2023\/03\/Feringaseebarsch_Eberl-scaled-215x215.jpg\" class=\"ggImg\" alt=\"Feringaseebarsch_Eberl\" title=\"Gew\u00e4sser: Feringasee Fischart: Flussbarsch Gr\u00f6\u00dfe: 37 cm F\u00e4nger: Constantin Eberl\" data-description=\"Gew\u00e4sser: Feringasee Fischart: Flussbarsch Gr\u00f6\u00dfe: 37 cm F\u00e4nger: Constantin Eberl\" data-caption=\"Flussbarsch\" data-title=\"Feringaseebarsch_Eberl\" style=\" width:215px; height:215px;\" \/><\/div><FIGCAPTION class=\"\" data-alpha=\"5\" style=\"color:#ffffff; background-color:#6f0000; font-size:140; text-align:left; font-family:Default;\" ><div class=\"grid-gallery-figcaption-wrap\" style=\" vertical-align:top;\"><div class=\"gg-image-caption fitvidsignore\" style=\"font-size:140;\"><object type=\"none\/none\">Flussbarsch <\/object><\/div><\/div><\/FIGCAPTION><\/FIGURE><\/a><a id=\"gg-4-101\" class=\"gg-link \" data-attachment-id=\"3243\" href=\"https:\/\/www.fischwaid-muenchen.de\/wp-content\/uploads\/2023\/03\/WaldseeZander_Eberl-scaled.jpg?gid=4\" target=\"_self\" title=\"Gew\u00e4sser: Waldsee Fischart: Zander Gr\u00f6\u00dfe: 78 cm F\u00e4nger: Constantin Eberl\" data-rel=\"prettyPhoto[pp_gal]\" style=\"border-radius:00;\" ><FIGURE class=\"grid-gallery-caption\" data-grid-gallery-type=\"quarter-zoom\" data-index=\"7\" style=\"display:none;border:2pxsolid#ffffff; border-radius:00; box-shadow:2px 4px 5px #000000;; margin:10.3px; width:2150;\" ><div class=\"crop\" style=\" width:2150; height:2150; overflow:hidden;\"><img decoding=\"async\" src=\"https:\/\/www.fischwaid-muenchen.de\/wp-content\/uploads\/2023\/03\/WaldseeZander_Eberl-scaled-215x215.jpg\" class=\"ggImg\" alt=\"WaldseeZander_Eberl\" title=\"Gew\u00e4sser: Waldsee Fischart: Zander Gr\u00f6\u00dfe: 78 cm F\u00e4nger: Constantin Eberl\" data-description=\"Gew\u00e4sser: Waldsee Fischart: Zander Gr\u00f6\u00dfe: 78 cm F\u00e4nger: Constantin Eberl\" data-caption=\"Zander\" data-title=\"WaldseeZander_Eberl\" style=\" width:215px; height:215px;\" \/><\/div><FIGCAPTION class=\"\" data-alpha=\"5\" style=\"color:#ffffff; background-color:#6f0000; font-size:140; text-align:left; font-family:Default;\" ><div class=\"grid-gallery-figcaption-wrap\" style=\" vertical-align:top;\"><div class=\"gg-image-caption fitvidsignore\" style=\"font-size:140;\"><object type=\"none\/none\">Zander <\/object><\/div><\/div><\/FIGCAPTION><\/FIGURE><\/a><a id=\"gg-4-105\" class=\"gg-link \" data-attachment-id=\"3256\" href=\"https:\/\/www.fischwaid-muenchen.de\/wp-content\/uploads\/2023\/03\/HollernerSeeZander_Pres.jpg?gid=4\" target=\"_self\" title=\"Gew\u00e4sser: Hollerner See Fischart: Zander Gr\u00f6\u00dfe: 55 cm F\u00e4nger: Patryk Pres\" data-rel=\"prettyPhoto[pp_gal]\" style=\"border-radius:00;\" ><FIGURE class=\"grid-gallery-caption\" data-grid-gallery-type=\"quarter-zoom\" data-index=\"8\" style=\"display:none;border:2pxsolid#ffffff; border-radius:00; box-shadow:2px 4px 5px #000000;; margin:10.3px; width:2150;\" ><div class=\"crop\" style=\" width:2150; height:2150; overflow:hidden;\"><img decoding=\"async\" src=\"https:\/\/www.fischwaid-muenchen.de\/wp-content\/uploads\/2023\/03\/HollernerSeeZander_Pres-215x215.jpg\" class=\"ggImg\" alt=\"HollernerSeeZander_Pres\" title=\"Gew\u00e4sser: Hollerner See Fischart: Zander Gr\u00f6\u00dfe: 55 cm F\u00e4nger: Patryk Pres\" data-description=\"Gew\u00e4sser: Hollerner See Fischart: Zander Gr\u00f6\u00dfe: 55 cm F\u00e4nger: Patryk Pres\" data-caption=\"Zander\" data-title=\"HollernerSeeZander_Pres\" style=\" width:215px; height:215px;\" \/><\/div><FIGCAPTION class=\"\" data-alpha=\"5\" style=\"color:#ffffff; background-color:#6f0000; font-size:140; text-align:left; font-family:Default;\" ><div class=\"grid-gallery-figcaption-wrap\" style=\" vertical-align:top;\"><div class=\"gg-image-caption fitvidsignore\" style=\"font-size:140;\"><object type=\"none\/none\">Zander <\/object><\/div><\/div><\/FIGCAPTION><\/FIGURE><\/a><a id=\"gg-4-109\" class=\"gg-link \" data-attachment-id=\"3260\" href=\"https:\/\/www.fischwaid-muenchen.de\/wp-content\/uploads\/2023\/03\/IlmBachforelle_Brucklacher2.jpg?gid=4\" target=\"_self\" title=\"Gew\u00e4sser: Ilm Fischart: Bachforelle Gr\u00f6\u00dfe: 41 cm F\u00e4nger: Andreas Brucklacher\" data-rel=\"prettyPhoto[pp_gal]\" style=\"border-radius:00;\" ><FIGURE class=\"grid-gallery-caption\" data-grid-gallery-type=\"quarter-zoom\" data-index=\"9\" style=\"display:none;border:2pxsolid#ffffff; border-radius:00; box-shadow:2px 4px 5px #000000;; margin:10.3px; width:2150;\" ><div class=\"crop\" style=\" width:2150; height:2150; overflow:hidden;\"><img decoding=\"async\" src=\"https:\/\/www.fischwaid-muenchen.de\/wp-content\/uploads\/2023\/03\/IlmBachforelle_Brucklacher2-215x215.jpg\" class=\"ggImg\" alt=\"IlmBachforelle_Brucklacher2\" title=\"Gew\u00e4sser: Ilm Fischart: Bachforelle Gr\u00f6\u00dfe: 41 cm F\u00e4nger: Andreas Brucklacher\" data-description=\"Gew\u00e4sser: Ilm Fischart: Bachforelle Gr\u00f6\u00dfe: 41 cm F\u00e4nger: Andreas Brucklacher\" data-caption=\"Bachforelle\" data-title=\"IlmBachforelle_Brucklacher2\" style=\" width:215px; height:215px;\" \/><\/div><FIGCAPTION class=\"\" data-alpha=\"5\" style=\"color:#ffffff; background-color:#6f0000; font-size:140; text-align:left; font-family:Default;\" ><div class=\"grid-gallery-figcaption-wrap\" style=\" vertical-align:top;\"><div class=\"gg-image-caption fitvidsignore\" style=\"font-size:140;\"><object type=\"none\/none\">Bachforelle <\/object><\/div><\/div><\/FIGCAPTION><\/FIGURE><\/a><a id=\"gg-4-108\" class=\"gg-link \" data-attachment-id=\"3261\" href=\"https:\/\/www.fischwaid-muenchen.de\/wp-content\/uploads\/2023\/03\/IlmBachforelle_Brucklacher3.jpg?gid=4\" target=\"_self\" title=\"Gew\u00e4sser: Ilm Fischart: Bachforelle Gr\u00f6\u00dfe: 35 cm F\u00e4nger: Andreas Brucklacher\" data-rel=\"prettyPhoto[pp_gal]\" style=\"border-radius:00;\" ><FIGURE class=\"grid-gallery-caption\" data-grid-gallery-type=\"quarter-zoom\" data-index=\"10\" style=\"display:none;border:2pxsolid#ffffff; border-radius:00; box-shadow:2px 4px 5px #000000;; margin:10.3px; width:2150;\" ><div class=\"crop\" style=\" width:2150; height:2150; overflow:hidden;\"><img decoding=\"async\" src=\"https:\/\/www.fischwaid-muenchen.de\/wp-content\/uploads\/2023\/03\/IlmBachforelle_Brucklacher3-215x215.jpg\" class=\"ggImg\" alt=\"IlmBachforelle_Brucklacher3\" title=\"Gew\u00e4sser: Ilm Fischart: Bachforelle Gr\u00f6\u00dfe: 35 cm F\u00e4nger: Andreas Brucklacher\" data-description=\"Gew\u00e4sser: Ilm Fischart: Bachforelle Gr\u00f6\u00dfe: 35 cm F\u00e4nger: Andreas Brucklacher\" data-caption=\"Bachforelle\" data-title=\"IlmBachforelle_Brucklacher3\" style=\" width:215px; height:215px;\" \/><\/div><FIGCAPTION class=\"\" data-alpha=\"5\" style=\"color:#ffffff; background-color:#6f0000; font-size:140; text-align:left; font-family:Default;\" ><div class=\"grid-gallery-figcaption-wrap\" style=\" vertical-align:top;\"><div class=\"gg-image-caption fitvidsignore\" style=\"font-size:140;\"><object type=\"none\/none\">Bachforelle <\/object><\/div><\/div><\/FIGCAPTION><\/FIGURE><\/a><a id=\"gg-4-102\" class=\"gg-link \" data-attachment-id=\"3242\" href=\"https:\/\/www.fischwaid-muenchen.de\/wp-content\/uploads\/2023\/03\/WaldseeKarpfen_Eberl.jpg?gid=4\" target=\"_self\" title=\"Gew\u00e4sser: Waldsee Fischart: Spiegelkarpfen Gr\u00f6\u00dfe: 85 cm F\u00e4nger: Constantin Eberl\" data-rel=\"prettyPhoto[pp_gal]\" style=\"border-radius:00;\" ><FIGURE class=\"grid-gallery-caption\" data-grid-gallery-type=\"quarter-zoom\" data-index=\"11\" style=\"display:none;border:2pxsolid#ffffff; border-radius:00; box-shadow:2px 4px 5px #000000;; margin:10.3px; width:2150;\" ><div class=\"crop\" style=\" width:2150; height:2150; overflow:hidden;\"><img decoding=\"async\" src=\"https:\/\/www.fischwaid-muenchen.de\/wp-content\/uploads\/2023\/03\/WaldseeKarpfen_Eberl-215x215.jpg\" class=\"ggImg\" alt=\"WaldseeKarpfen_Eberl\" title=\"Gew\u00e4sser: Waldsee Fischart: Spiegelkarpfen Gr\u00f6\u00dfe: 85 cm F\u00e4nger: Constantin Eberl\" data-description=\"Gew\u00e4sser: Waldsee Fischart: Spiegelkarpfen Gr\u00f6\u00dfe: 85 cm F\u00e4nger: Constantin Eberl\" data-caption=\"Spiegelkarpfen\" data-title=\"WaldseeKarpfen_Eberl\" style=\" width:215px; height:215px;\" \/><\/div><FIGCAPTION class=\"\" data-alpha=\"5\" style=\"color:#ffffff; background-color:#6f0000; font-size:140; text-align:left; font-family:Default;\" ><div class=\"grid-gallery-figcaption-wrap\" style=\" vertical-align:top;\"><div class=\"gg-image-caption fitvidsignore\" style=\"font-size:140;\"><object type=\"none\/none\">Spiegelkarpfen <\/object><\/div><\/div><\/FIGCAPTION><\/FIGURE><\/a><a id=\"gg-4-112\" class=\"gg-link \" data-attachment-id=\"3880\" href=\"https:\/\/www.fischwaid-muenchen.de\/wp-content\/uploads\/2024\/02\/VilsZander_Boysen.jpg?gid=4\" target=\"_self\" title=\"Gew\u00e4sser: Vils Fischart: Zander Gr\u00f6\u00dfe: 58 cm F\u00e4nger: Thorsten Boysen\" data-rel=\"prettyPhoto[pp_gal]\" style=\"border-radius:00;\" ><FIGURE class=\"grid-gallery-caption\" data-grid-gallery-type=\"quarter-zoom\" data-index=\"12\" style=\"display:none;border:2pxsolid#ffffff; border-radius:00; box-shadow:2px 4px 5px #000000;; margin:10.3px; width:2150;\" ><div class=\"crop\" style=\" width:2150; height:2150; overflow:hidden;\"><img decoding=\"async\" src=\"https:\/\/www.fischwaid-muenchen.de\/wp-content\/uploads\/2024\/02\/VilsZander_Boysen-215x215.jpg\" class=\"ggImg\" alt=\"VilsZander_Boysen\" title=\"Gew\u00e4sser: Vils Fischart: Zander Gr\u00f6\u00dfe: 58 cm F\u00e4nger: Thorsten Boysen\" data-description=\"Gew\u00e4sser: Vils Fischart: Zander Gr\u00f6\u00dfe: 58 cm F\u00e4nger: Thorsten Boysen\" data-caption=\"Zander\" data-title=\"VilsZander_Boysen\" style=\" width:215px; height:215px;\" \/><\/div><FIGCAPTION class=\"\" data-alpha=\"5\" style=\"color:#ffffff; background-color:#6f0000; font-size:140; text-align:left; font-family:Default;\" ><div class=\"grid-gallery-figcaption-wrap\" style=\" vertical-align:top;\"><div class=\"gg-image-caption fitvidsignore\" style=\"font-size:140;\"><object type=\"none\/none\">Zander <\/object><\/div><\/div><\/FIGCAPTION><\/FIGURE><\/a><a id=\"gg-4-111\" class=\"gg-link \" data-attachment-id=\"3506\" href=\"https:\/\/www.fischwaid-muenchen.de\/wp-content\/uploads\/2023\/09\/HollernerSeeHecht_Eberl.jpg?gid=4\" target=\"_self\" title=\"Gew\u00e4sser: Hollerner See Fischart: Hecht Gr\u00f6\u00dfe: 110 cm F\u00e4nger: Constantin Eberl\" data-rel=\"prettyPhoto[pp_gal]\" style=\"border-radius:00;\" ><FIGURE class=\"grid-gallery-caption\" data-grid-gallery-type=\"quarter-zoom\" data-index=\"13\" style=\"display:none;border:2pxsolid#ffffff; border-radius:00; box-shadow:2px 4px 5px #000000;; margin:10.3px; width:2150;\" ><div class=\"crop\" style=\" width:2150; height:2150; overflow:hidden;\"><img decoding=\"async\" src=\"https:\/\/www.fischwaid-muenchen.de\/wp-content\/uploads\/2023\/09\/HollernerSeeHecht_Eberl-215x215.jpg\" class=\"ggImg\" alt=\"HollernerSeeHecht_Eberl\" title=\"Gew\u00e4sser: Hollerner See Fischart: Hecht Gr\u00f6\u00dfe: 110 cm F\u00e4nger: Constantin Eberl\" data-description=\"Gew\u00e4sser: Hollerner See Fischart: Hecht Gr\u00f6\u00dfe: 110 cm F\u00e4nger: Constantin Eberl\" data-caption=\"Hecht\" data-title=\"HollernerSeeHecht_Eberl\" style=\" width:215px; height:215px;\" \/><\/div><FIGCAPTION class=\"\" data-alpha=\"5\" style=\"color:#ffffff; background-color:#6f0000; font-size:140; text-align:left; font-family:Default;\" ><div class=\"grid-gallery-figcaption-wrap\" style=\" vertical-align:top;\"><div class=\"gg-image-caption fitvidsignore\" style=\"font-size:140;\"><object type=\"none\/none\">Hecht <\/object><\/div><\/div><\/FIGCAPTION><\/FIGURE><\/a><a id=\"gg-4-107\" class=\"gg-link \" data-attachment-id=\"3262\" href=\"https:\/\/www.fischwaid-muenchen.de\/wp-content\/uploads\/2023\/03\/IlmRotauge_Brucklacher.jpg?gid=4\" target=\"_self\" title=\"Gew\u00e4sser: Ilm Fischart: Rotauge Gr\u00f6\u00dfe: 37 cm F\u00e4nger: Andreas Brucklacher\" data-rel=\"prettyPhoto[pp_gal]\" style=\"border-radius:00;\" ><FIGURE class=\"grid-gallery-caption\" data-grid-gallery-type=\"quarter-zoom\" data-index=\"14\" style=\"display:none;border:2pxsolid#ffffff; border-radius:00; box-shadow:2px 4px 5px #000000;; margin:10.3px; width:2150;\" ><div class=\"crop\" style=\" width:2150; height:2150; overflow:hidden;\"><img decoding=\"async\" src=\"https:\/\/www.fischwaid-muenchen.de\/wp-content\/uploads\/2023\/03\/IlmRotauge_Brucklacher-215x215.jpg\" class=\"ggImg\" alt=\"IlmRotauge_Brucklacher\" title=\"Gew\u00e4sser: Ilm Fischart: Rotauge Gr\u00f6\u00dfe: 37 cm F\u00e4nger: Andreas Brucklacher\" data-description=\"Gew\u00e4sser: Ilm Fischart: Rotauge Gr\u00f6\u00dfe: 37 cm F\u00e4nger: Andreas Brucklacher\" data-caption=\"Rotauge\" data-title=\"IlmRotauge_Brucklacher\" style=\" width:215px; height:215px;\" \/><\/div><FIGCAPTION class=\"\" data-alpha=\"5\" style=\"color:#ffffff; background-color:#6f0000; font-size:140; text-align:left; font-family:Default;\" ><div class=\"grid-gallery-figcaption-wrap\" style=\" vertical-align:top;\"><div class=\"gg-image-caption fitvidsignore\" style=\"font-size:140;\"><object type=\"none\/none\">Rotauge <\/object><\/div><\/div><\/FIGCAPTION><\/FIGURE><\/a><a id=\"gg-4-99\" class=\"gg-link \" data-attachment-id=\"3245\" href=\"https:\/\/www.fischwaid-muenchen.de\/wp-content\/uploads\/2023\/03\/NasenbachBarsch_Klewek.jpg?gid=4\" target=\"_self\" title=\"Gew\u00e4sser: Nasenbach \/ Glodach Fischart: Flussbarsch Gr\u00f6\u00dfe: 30 cm F\u00e4nger: Patryk Klewek\" data-rel=\"prettyPhoto[pp_gal]\" style=\"border-radius:00;\" ><FIGURE class=\"grid-gallery-caption\" data-grid-gallery-type=\"quarter-zoom\" data-index=\"15\" style=\"display:none;border:2pxsolid#ffffff; border-radius:00; box-shadow:2px 4px 5px #000000;; margin:10.3px; width:2150;\" ><div class=\"crop\" style=\" width:2150; height:2150; overflow:hidden;\"><img decoding=\"async\" src=\"https:\/\/www.fischwaid-muenchen.de\/wp-content\/uploads\/2023\/03\/NasenbachBarsch_Klewek-215x215.jpg\" class=\"ggImg\" alt=\"NasenbachBarsch_Klewek\" title=\"Gew\u00e4sser: Nasenbach \/ Glodach Fischart: Flussbarsch Gr\u00f6\u00dfe: 30 cm F\u00e4nger: Patryk Klewek\" data-description=\"Gew\u00e4sser: Nasenbach \/ Glodach Fischart: Flussbarsch Gr\u00f6\u00dfe: 30 cm F\u00e4nger: Patryk Klewek\" data-caption=\"Flussbarsch\" data-title=\"NasenbachBarsch_Klewek\" style=\" width:215px; height:215px;\" \/><\/div><FIGCAPTION class=\"\" data-alpha=\"5\" style=\"color:#ffffff; background-color:#6f0000; font-size:140; text-align:left; font-family:Default;\" ><div class=\"grid-gallery-figcaption-wrap\" style=\" vertical-align:top;\"><div class=\"gg-image-caption fitvidsignore\" style=\"font-size:140;\"><object type=\"none\/none\">Flussbarsch <\/object><\/div><\/div><\/FIGCAPTION><\/FIGURE><\/a><a id=\"gg-4-96\" class=\"gg-link \" data-attachment-id=\"3238\" href=\"https:\/\/www.fischwaid-muenchen.de\/wp-content\/uploads\/2023\/03\/WaldseeHecht_Eberl.jpg?gid=4\" target=\"_self\" title=\"Gew\u00e4sser: Waldsee Fischart: Hecht Gr\u00f6\u00dfe: 121 cm F\u00e4nger: Constantin Eberl\" data-rel=\"prettyPhoto[pp_gal]\" style=\"border-radius:00;\" ><FIGURE class=\"grid-gallery-caption\" data-grid-gallery-type=\"quarter-zoom\" data-index=\"16\" style=\"display:none;border:2pxsolid#ffffff; border-radius:00; box-shadow:2px 4px 5px #000000;; margin:10.3px; width:2150;\" ><div class=\"crop\" style=\" width:2150; height:2150; overflow:hidden;\"><img decoding=\"async\" src=\"https:\/\/www.fischwaid-muenchen.de\/wp-content\/uploads\/2023\/03\/WaldseeHecht_Eberl-215x215.jpg\" class=\"ggImg\" alt=\"WaldseeHecht_Eberl\" title=\"Gew\u00e4sser: Waldsee Fischart: Hecht Gr\u00f6\u00dfe: 121 cm F\u00e4nger: Constantin Eberl\" data-description=\"Gew\u00e4sser: Waldsee Fischart: Hecht Gr\u00f6\u00dfe: 121 cm F\u00e4nger: Constantin Eberl\" data-caption=\"Hecht\" data-title=\"WaldseeHecht_Eberl\" style=\" width:215px; height:215px;\" \/><\/div><FIGCAPTION class=\"\" data-alpha=\"5\" style=\"color:#ffffff; background-color:#6f0000; font-size:140; text-align:left; font-family:Default;\" ><div class=\"grid-gallery-figcaption-wrap\" style=\" vertical-align:top;\"><div class=\"gg-image-caption fitvidsignore\" style=\"font-size:140;\"><object type=\"none\/none\">Hecht <\/object><\/div><\/div><\/FIGCAPTION><\/FIGURE><\/a> <div class=\"grid-gallery-clearfix\"><\/div> <\/div> <div class=\"gallery-sharing-bottom\"><\/div> <div class=\"grid-gallery-clearfix\"><\/div> <\/div> <!-- Gallery by Supsystic plugin1.15.17 --><a title=\"WordPress Gallery Plugin\" style=\"display:none;\" href=\"https:\/\/supsystic.com\/plugins\/photo-gallery\/?utm_medium=love_link\" target=\"_blank\">WordPress Gallery Plugin<\/a>\n<\/div>\n<\/div><\/div><div id=\"panel-2303-0-0-1\" class=\"so-panel widget widget_sow-editor panel-last-child\" data-index=\"1\" ><div class=\"panel-widget-style panel-widget-style-for-2303-0-0-1\" ><div\n\t\t\t\n\t\t\tclass=\"so-widget-sow-editor so-widget-sow-editor-base\"\n\t\t\t\n\t\t>\n<div class=\"siteorigin-widget-tinymce textwidget\">\n\t<p><span style=\"font-family: arial, helvetica, sans-serif;\">Solltet ihr auch sch\u00f6ne F\u00e4nge an unserem Gew\u00e4sser gemacht haben und m\u00f6chtet, dass euer \u00e4sthetisches Bild in die Galerie aufgenommen wird, schickt es uns an <a href=\"mailto:presse@fischwaid-muenchen.de\">presse(at)fischwaid-muenchen.de<\/a>.<\/span><br \/>\n<span style=\"font-family: arial, helvetica, sans-serif;\">Bitte vergesst nicht die Basisinformation, die wir f\u00fcr jedes Bild brauchen (Gew\u00e4sser, Fischart, Gr\u00f6\u00dfe, F\u00e4nger)<\/span><br \/>\n<span style=\"font-family: arial, helvetica, sans-serif;\">Durch Einsenden des Bildes gehen wir davon aus, dass ihr dem Ver\u00f6ffentlichen des Bildes zustimmt.<\/span><\/p>\n<\/div>\n<\/div><\/div><\/div><\/div><\/div><\/div>","protected":false},"excerpt":{"rendered":"<p>Solltet ihr auch sch\u00f6ne F\u00e4nge an unserem Gew\u00e4sser gemacht haben und m\u00f6chtet, dass euer \u00e4sthetisches Bild in die Galerie aufgenommen wird, schickt es uns an presse(at)fischwaid-muenchen.de. Bitte vergesst nicht die Basisinformation, die wir f\u00fcr jedes Bild brauchen (Gew\u00e4sser, Fischart, Gr\u00f6\u00dfe, F\u00e4nger) Durch Einsenden des Bildes gehen wir davon aus, dass&#8230;<\/p>\n<p class=\"continue-reading-button\"> <a class=\"continue-reading-link\" href=\"https:\/\/www.fischwaid-muenchen.de\/?page_id=2303\">weiter<i class=\"crycon-right-dir\"><\/i><\/a><\/p>\n","protected":false},"author":2,"featured_media":0,"parent":56,"menu_order":0,"comment_status":"closed","ping_status":"closed","template":"","meta":{"footnotes":""},"wf_page_folders":[20],"class_list":["post-2303","page","type-page","status-publish","hentry"],"yoast_head":"<!-- This site is optimized with the Yoast SEO plugin v27.5 - https:\/\/yoast.com\/product\/yoast-seo-wordpress\/ -->\n<title>Sch\u00f6ne F\u00e4nge - Fischereiverein Fischwaid M\u00fcnchen e.V.<\/title>\n<meta name=\"robots\" content=\"index, follow, max-snippet:-1, max-image-preview:large, max-video-preview:-1\" \/>\n<link rel=\"canonical\" href=\"https:\/\/www.fischwaid-muenchen.de\/?page_id=2303\" \/>\n<meta property=\"og:locale\" content=\"de_DE\" \/>\n<meta property=\"og:type\" content=\"article\" \/>\n<meta property=\"og:title\" content=\"Sch\u00f6ne F\u00e4nge - Fischereiverein Fischwaid M\u00fcnchen e.V.\" \/>\n<meta property=\"og:description\" content=\"Solltet ihr auch sch\u00f6ne F\u00e4nge an unserem Gew\u00e4sser gemacht haben und m\u00f6chtet, dass euer \u00e4sthetisches Bild in die Galerie aufgenommen wird, schickt es uns an presse(at)fischwaid-muenchen.de. Bitte vergesst nicht die Basisinformation, die wir f\u00fcr jedes Bild brauchen (Gew\u00e4sser, Fischart, Gr\u00f6\u00dfe, F\u00e4nger) Durch Einsenden des Bildes gehen wir davon aus, dass... weiter\" \/>\n<meta property=\"og:url\" content=\"https:\/\/www.fischwaid-muenchen.de\/?page_id=2303\" \/>\n<meta property=\"og:site_name\" content=\"Fischereiverein Fischwaid M\u00fcnchen e.V.\" \/>\n<meta property=\"article:publisher\" content=\"https:\/\/www.facebook.com\/Fischereiverein-Fischwaid-Mnchen-eV-175669222446351\" \/>\n<meta property=\"article:modified_time\" content=\"2024-12-15T14:30:14+00:00\" \/>\n<meta property=\"og:image\" content=\"https:\/\/www.fischwaid-muenchen.de\/wp-content\/uploads\/2023\/03\/NasenbachBarsch_Klewek-215x215.jpg\" \/>\n<meta name=\"twitter:card\" content=\"summary_large_image\" \/>\n<script type=\"application\/ld+json\" class=\"yoast-schema-graph\">{\"@context\":\"https:\\\/\\\/schema.org\",\"@graph\":[{\"@type\":\"WebPage\",\"@id\":\"https:\\\/\\\/www.fischwaid-muenchen.de\\\/?page_id=2303\",\"url\":\"https:\\\/\\\/www.fischwaid-muenchen.de\\\/?page_id=2303\",\"name\":\"Sch\u00f6ne F\u00e4nge - Fischereiverein Fischwaid M\u00fcnchen e.V.\",\"isPartOf\":{\"@id\":\"https:\\\/\\\/www.fischwaid-muenchen.de\\\/#website\"},\"primaryImageOfPage\":{\"@id\":\"https:\\\/\\\/www.fischwaid-muenchen.de\\\/?page_id=2303#primaryimage\"},\"image\":{\"@id\":\"https:\\\/\\\/www.fischwaid-muenchen.de\\\/?page_id=2303#primaryimage\"},\"thumbnailUrl\":\"https:\\\/\\\/www.fischwaid-muenchen.de\\\/wp-content\\\/uploads\\\/2023\\\/03\\\/NasenbachBarsch_Klewek-215x215.jpg\",\"datePublished\":\"2023-02-09T17:02:16+00:00\",\"dateModified\":\"2024-12-15T14:30:14+00:00\",\"breadcrumb\":{\"@id\":\"https:\\\/\\\/www.fischwaid-muenchen.de\\\/?page_id=2303#breadcrumb\"},\"inLanguage\":\"de\",\"potentialAction\":[{\"@type\":\"ReadAction\",\"target\":[\"https:\\\/\\\/www.fischwaid-muenchen.de\\\/?page_id=2303\"]}]},{\"@type\":\"ImageObject\",\"inLanguage\":\"de\",\"@id\":\"https:\\\/\\\/www.fischwaid-muenchen.de\\\/?page_id=2303#primaryimage\",\"url\":\"https:\\\/\\\/www.fischwaid-muenchen.de\\\/wp-content\\\/uploads\\\/2023\\\/03\\\/NasenbachBarsch_Klewek.jpg\",\"contentUrl\":\"https:\\\/\\\/www.fischwaid-muenchen.de\\\/wp-content\\\/uploads\\\/2023\\\/03\\\/NasenbachBarsch_Klewek.jpg\",\"width\":1824,\"height\":1368,\"caption\":\"Flussbarsch\"},{\"@type\":\"BreadcrumbList\",\"@id\":\"https:\\\/\\\/www.fischwaid-muenchen.de\\\/?page_id=2303#breadcrumb\",\"itemListElement\":[{\"@type\":\"ListItem\",\"position\":1,\"name\":\"Startseite\",\"item\":\"https:\\\/\\\/www.fischwaid-muenchen.de\\\/\"},{\"@type\":\"ListItem\",\"position\":2,\"name\":\"Verschiedenes\",\"item\":\"https:\\\/\\\/www.fischwaid-muenchen.de\\\/?page_id=56\"},{\"@type\":\"ListItem\",\"position\":3,\"name\":\"Sch\u00f6ne F\u00e4nge\"}]},{\"@type\":\"WebSite\",\"@id\":\"https:\\\/\\\/www.fischwaid-muenchen.de\\\/#website\",\"url\":\"https:\\\/\\\/www.fischwaid-muenchen.de\\\/\",\"name\":\"Fischereiverein Fischwaid M\u00fcnchen e.V.\",\"description\":\"\",\"publisher\":{\"@id\":\"https:\\\/\\\/www.fischwaid-muenchen.de\\\/#organization\"},\"potentialAction\":[{\"@type\":\"SearchAction\",\"target\":{\"@type\":\"EntryPoint\",\"urlTemplate\":\"https:\\\/\\\/www.fischwaid-muenchen.de\\\/?s={search_term_string}\"},\"query-input\":{\"@type\":\"PropertyValueSpecification\",\"valueRequired\":true,\"valueName\":\"search_term_string\"}}],\"inLanguage\":\"de\"},{\"@type\":\"Organization\",\"@id\":\"https:\\\/\\\/www.fischwaid-muenchen.de\\\/#organization\",\"name\":\"Fischwaid M\u00fcnchen e.V.\",\"url\":\"https:\\\/\\\/www.fischwaid-muenchen.de\\\/\",\"logo\":{\"@type\":\"ImageObject\",\"inLanguage\":\"de\",\"@id\":\"https:\\\/\\\/www.fischwaid-muenchen.de\\\/#\\\/schema\\\/logo\\\/image\\\/\",\"url\":\"https:\\\/\\\/www.fischwaid-muenchen.de\\\/wp-content\\\/uploads\\\/2021\\\/05\\\/fischwaid-logo.png\",\"contentUrl\":\"https:\\\/\\\/www.fischwaid-muenchen.de\\\/wp-content\\\/uploads\\\/2021\\\/05\\\/fischwaid-logo.png\",\"width\":1000,\"height\":1195,\"caption\":\"Fischwaid M\u00fcnchen e.V.\"},\"image\":{\"@id\":\"https:\\\/\\\/www.fischwaid-muenchen.de\\\/#\\\/schema\\\/logo\\\/image\\\/\"},\"sameAs\":[\"https:\\\/\\\/www.facebook.com\\\/Fischereiverein-Fischwaid-Mnchen-eV-175669222446351\",\"https:\\\/\\\/www.instagram.com\\\/fischwaid_muenchen_ev\\\/?igshid=YmMyMTA2M2Y=\"]}]}<\/script>\n<!-- \/ Yoast SEO plugin. -->","yoast_head_json":{"title":"Sch\u00f6ne F\u00e4nge - Fischereiverein Fischwaid M\u00fcnchen e.V.","robots":{"index":"index","follow":"follow","max-snippet":"max-snippet:-1","max-image-preview":"max-image-preview:large","max-video-preview":"max-video-preview:-1"},"canonical":"https:\/\/www.fischwaid-muenchen.de\/?page_id=2303","og_locale":"de_DE","og_type":"article","og_title":"Sch\u00f6ne F\u00e4nge - Fischereiverein Fischwaid M\u00fcnchen e.V.","og_description":"Solltet ihr auch sch\u00f6ne F\u00e4nge an unserem Gew\u00e4sser gemacht haben und m\u00f6chtet, dass euer \u00e4sthetisches Bild in die Galerie aufgenommen wird, schickt es uns an presse(at)fischwaid-muenchen.de. Bitte vergesst nicht die Basisinformation, die wir f\u00fcr jedes Bild brauchen (Gew\u00e4sser, Fischart, Gr\u00f6\u00dfe, F\u00e4nger) Durch Einsenden des Bildes gehen wir davon aus, dass... weiter","og_url":"https:\/\/www.fischwaid-muenchen.de\/?page_id=2303","og_site_name":"Fischereiverein Fischwaid M\u00fcnchen e.V.","article_publisher":"https:\/\/www.facebook.com\/Fischereiverein-Fischwaid-Mnchen-eV-175669222446351","article_modified_time":"2024-12-15T14:30:14+00:00","og_image":[{"url":"https:\/\/www.fischwaid-muenchen.de\/wp-content\/uploads\/2023\/03\/NasenbachBarsch_Klewek-215x215.jpg","type":"","width":"","height":""}],"twitter_card":"summary_large_image","schema":{"@context":"https:\/\/schema.org","@graph":[{"@type":"WebPage","@id":"https:\/\/www.fischwaid-muenchen.de\/?page_id=2303","url":"https:\/\/www.fischwaid-muenchen.de\/?page_id=2303","name":"Sch\u00f6ne F\u00e4nge - Fischereiverein Fischwaid M\u00fcnchen e.V.","isPartOf":{"@id":"https:\/\/www.fischwaid-muenchen.de\/#website"},"primaryImageOfPage":{"@id":"https:\/\/www.fischwaid-muenchen.de\/?page_id=2303#primaryimage"},"image":{"@id":"https:\/\/www.fischwaid-muenchen.de\/?page_id=2303#primaryimage"},"thumbnailUrl":"https:\/\/www.fischwaid-muenchen.de\/wp-content\/uploads\/2023\/03\/NasenbachBarsch_Klewek-215x215.jpg","datePublished":"2023-02-09T17:02:16+00:00","dateModified":"2024-12-15T14:30:14+00:00","breadcrumb":{"@id":"https:\/\/www.fischwaid-muenchen.de\/?page_id=2303#breadcrumb"},"inLanguage":"de","potentialAction":[{"@type":"ReadAction","target":["https:\/\/www.fischwaid-muenchen.de\/?page_id=2303"]}]},{"@type":"ImageObject","inLanguage":"de","@id":"https:\/\/www.fischwaid-muenchen.de\/?page_id=2303#primaryimage","url":"https:\/\/www.fischwaid-muenchen.de\/wp-content\/uploads\/2023\/03\/NasenbachBarsch_Klewek.jpg","contentUrl":"https:\/\/www.fischwaid-muenchen.de\/wp-content\/uploads\/2023\/03\/NasenbachBarsch_Klewek.jpg","width":1824,"height":1368,"caption":"Flussbarsch"},{"@type":"BreadcrumbList","@id":"https:\/\/www.fischwaid-muenchen.de\/?page_id=2303#breadcrumb","itemListElement":[{"@type":"ListItem","position":1,"name":"Startseite","item":"https:\/\/www.fischwaid-muenchen.de\/"},{"@type":"ListItem","position":2,"name":"Verschiedenes","item":"https:\/\/www.fischwaid-muenchen.de\/?page_id=56"},{"@type":"ListItem","position":3,"name":"Sch\u00f6ne F\u00e4nge"}]},{"@type":"WebSite","@id":"https:\/\/www.fischwaid-muenchen.de\/#website","url":"https:\/\/www.fischwaid-muenchen.de\/","name":"Fischereiverein Fischwaid M\u00fcnchen e.V.","description":"","publisher":{"@id":"https:\/\/www.fischwaid-muenchen.de\/#organization"},"potentialAction":[{"@type":"SearchAction","target":{"@type":"EntryPoint","urlTemplate":"https:\/\/www.fischwaid-muenchen.de\/?s={search_term_string}"},"query-input":{"@type":"PropertyValueSpecification","valueRequired":true,"valueName":"search_term_string"}}],"inLanguage":"de"},{"@type":"Organization","@id":"https:\/\/www.fischwaid-muenchen.de\/#organization","name":"Fischwaid M\u00fcnchen e.V.","url":"https:\/\/www.fischwaid-muenchen.de\/","logo":{"@type":"ImageObject","inLanguage":"de","@id":"https:\/\/www.fischwaid-muenchen.de\/#\/schema\/logo\/image\/","url":"https:\/\/www.fischwaid-muenchen.de\/wp-content\/uploads\/2021\/05\/fischwaid-logo.png","contentUrl":"https:\/\/www.fischwaid-muenchen.de\/wp-content\/uploads\/2021\/05\/fischwaid-logo.png","width":1000,"height":1195,"caption":"Fischwaid M\u00fcnchen e.V."},"image":{"@id":"https:\/\/www.fischwaid-muenchen.de\/#\/schema\/logo\/image\/"},"sameAs":["https:\/\/www.facebook.com\/Fischereiverein-Fischwaid-Mnchen-eV-175669222446351","https:\/\/www.instagram.com\/fischwaid_muenchen_ev\/?igshid=YmMyMTA2M2Y="]}]}},"_links":{"self":[{"href":"https:\/\/www.fischwaid-muenchen.de\/index.php?rest_route=\/wp\/v2\/pages\/2303","targetHints":{"allow":["GET"]}}],"collection":[{"href":"https:\/\/www.fischwaid-muenchen.de\/index.php?rest_route=\/wp\/v2\/pages"}],"about":[{"href":"https:\/\/www.fischwaid-muenchen.de\/index.php?rest_route=\/wp\/v2\/types\/page"}],"author":[{"embeddable":true,"href":"https:\/\/www.fischwaid-muenchen.de\/index.php?rest_route=\/wp\/v2\/users\/2"}],"replies":[{"embeddable":true,"href":"https:\/\/www.fischwaid-muenchen.de\/index.php?rest_route=%2Fwp%2Fv2%2Fcomments&post=2303"}],"version-history":[{"count":0,"href":"https:\/\/www.fischwaid-muenchen.de\/index.php?rest_route=\/wp\/v2\/pages\/2303\/revisions"}],"up":[{"embeddable":true,"href":"https:\/\/www.fischwaid-muenchen.de\/index.php?rest_route=\/wp\/v2\/pages\/56"}],"wp:attachment":[{"href":"https:\/\/www.fischwaid-muenchen.de\/index.php?rest_route=%2Fwp%2Fv2%2Fmedia&parent=2303"}],"wp:term":[{"taxonomy":"wf_page_folders","embeddable":true,"href":"https:\/\/www.fischwaid-muenchen.de\/index.php?rest_route=%2Fwp%2Fv2%2Fwf_page_folders&post=2303"}],"curies":[{"name":"wp","href":"https:\/\/api.w.org\/{rel}","templated":true}]}}